{"id":32,"date":"2021-10-26T12:33:29","date_gmt":"2021-10-26T12:33:29","guid":{"rendered":"http:\/\/20.199.8.35\/?page_id=32"},"modified":"2021-11-25T18:20:00","modified_gmt":"2021-11-25T18:20:00","slug":"actividades","status":"publish","type":"page","link":"https:\/\/chambrealfa.com\/es\/actividades\/","title":{"rendered":"Actividades"},"content":{"rendered":"<div id='full_slider_1'  class='avia-fullwidth-slider main_color avia-shadow av-small-hide av-mini-hide  avia-builder-el-0  el_before_av_layout_row  avia-builder-el-first   container_wrap sidebar_right'  ><div  class='avia-slideshow av-kwfa1ne3-ca695030374f6b769c501f24b7764f33 avia-slideshow-no scaling av_slideshow_full avia-fade-slider av-small-hide av-mini-hide av-slideshow-ui av-control-default av-slideshow-manual av-loop-once av-loop-manual-endless av-default-height-applied   avia-slideshow-1' data-slideshow-options=\"{&quot;animation&quot;:&quot;fade&quot;,&quot;autoplay&quot;:false,&quot;loop_autoplay&quot;:&quot;once&quot;,&quot;interval&quot;:5,&quot;loop_manual&quot;:&quot;manual-endless&quot;,&quot;autoplay_stopper&quot;:false,&quot;noNavigation&quot;:false,&quot;bg_slider&quot;:false,&quot;keep_padding&quot;:false,&quot;hoverpause&quot;:false,&quot;show_slide_delay&quot;:0}\"  itemprop=\"image\" itemscope=\"itemscope\" itemtype=\"https:\/\/schema.org\/ImageObject\" ><ul class='avia-slideshow-inner ' style='padding-bottom: 15.625%;'><li  class='avia-slideshow-slide av-kwfa1ne3-ca695030374f6b769c501f24b7764f33__0  av-single-slide slide-1 slide-odd'><div data-rel='slideshow-1' class='avia-slide-wrap '   ><img decoding=\"async\" fetchpriority=\"high\" class=\"wp-image-431 avia-img-lazy-loading-not-431\"  src=\"https:\/\/chambrealfa.com\/wp-content\/uploads\/2021\/11\/img-actividades.jpg\" width=\"1920\" height=\"300\" title='' alt=''  itemprop=\"thumbnailUrl\" srcset=\"https:\/\/chambrealfa.com\/wp-content\/uploads\/2021\/11\/img-actividades.jpg 1920w, https:\/\/chambrealfa.com\/wp-content\/uploads\/2021\/11\/img-actividades-300x47.jpg 300w, https:\/\/chambrealfa.com\/wp-content\/uploads\/2021\/11\/img-actividades-1030x161.jpg 1030w, https:\/\/chambrealfa.com\/wp-content\/uploads\/2021\/11\/img-actividades-768x120.jpg 768w, https:\/\/chambrealfa.com\/wp-content\/uploads\/2021\/11\/img-actividades-1536x240.jpg 1536w, https:\/\/chambrealfa.com\/wp-content\/uploads\/2021\/11\/img-actividades-1500x234.jpg 1500w, https:\/\/chambrealfa.com\/wp-content\/uploads\/2021\/11\/img-actividades-705x110.jpg 705w\" sizes=\"(max-width: 1920px) 100vw, 1920px\" \/><\/div><\/li><\/ul><\/div><\/div>\n<div id='av-layout-grid-1'  class='av-layout-grid-container av-2gbi0-327b04609170145c78b021078f0fb4ba entry-content-wrapper main_color av-flex-cells  avia-builder-el-1  el_after_av_slideshow_full  el_before_av_layout_row  grid-row-not-first av-desktop-hide av-medium-hide container_wrap sidebar_right'  >\n\n<style type=\"text\/css\" data-created_by=\"avia_inline_auto\" id=\"style-css-av-1wjjg-29013ab329594f5654dc5b0bb1cc64a7\">\n.flex_cell.av-1wjjg-29013ab329594f5654dc5b0bb1cc64a7{\nvertical-align:top;\n}\n.responsive #top #wrap_all .flex_cell.av-1wjjg-29013ab329594f5654dc5b0bb1cc64a7{\npadding:0px 0px 0px 0px !important;\n}\n<\/style>\n<div class='flex_cell av-1wjjg-29013ab329594f5654dc5b0bb1cc64a7 av-gridrow-cell av_one_full no_margin  avia-builder-el-2  avia-builder-el-no-sibling  content-align-top av-zero-padding'  ><div class='flex_cell_inner'>\n<style type=\"text\/css\" data-created_by=\"avia_inline_auto\" id=\"style-css-av-kwfa1tyb-4153cc1232b117c2708991f517d1b615\">\n.avia-image-container.av-kwfa1tyb-4153cc1232b117c2708991f517d1b615 img.avia_image{\nbox-shadow:none;\n}\n.avia-image-container.av-kwfa1tyb-4153cc1232b117c2708991f517d1b615 .av-image-caption-overlay-center{\ncolor:#ffffff;\n}\n<\/style>\n<div  class='avia-image-container av-kwfa1tyb-4153cc1232b117c2708991f517d1b615 av-styling- avia-align-center  avia-builder-el-3  avia-builder-el-no-sibling '   itemprop=\"image\" itemscope=\"itemscope\" itemtype=\"https:\/\/schema.org\/ImageObject\" ><div class=\"avia-image-container-inner\"><div class=\"avia-image-overlay-wrap\"><img decoding=\"async\" fetchpriority=\"high\" class='wp-image-429 avia-img-lazy-loading-not-429 avia_image ' src=\"https:\/\/chambrealfa.com\/wp-content\/uploads\/2021\/11\/Headers-secciones-mobile-actividades.jpg\" alt='' title=''  height=\"200\" width=\"800\"  itemprop=\"thumbnailUrl\" srcset=\"https:\/\/chambrealfa.com\/wp-content\/uploads\/2021\/11\/Headers-secciones-mobile-actividades.jpg 800w, https:\/\/chambrealfa.com\/wp-content\/uploads\/2021\/11\/Headers-secciones-mobile-actividades-300x75.jpg 300w, https:\/\/chambrealfa.com\/wp-content\/uploads\/2021\/11\/Headers-secciones-mobile-actividades-768x192.jpg 768w, https:\/\/chambrealfa.com\/wp-content\/uploads\/2021\/11\/Headers-secciones-mobile-actividades-705x176.jpg 705w\" sizes=\"(max-width: 800px) 100vw, 800px\" \/><\/div><\/div><\/div>\n<\/div><\/div>\n<\/div>\n<div id='av-layout-grid-2'  class='av-layout-grid-container av-1mjnw-5949bf677126731c4072ae32da914000 entry-content-wrapper main_color av-flex-cells  avia-builder-el-4  el_after_av_layout_row  avia-builder-el-last  grid-row-not-first  container_wrap sidebar_right'  >\n\n<style type=\"text\/css\" data-created_by=\"avia_inline_auto\" id=\"style-css-av-kwfa0nlc-ae34b70a0b37f3c1b5af6bc877ba60ab\">\n.flex_cell.av-kwfa0nlc-ae34b70a0b37f3c1b5af6bc877ba60ab{\nvertical-align:top;\n}\n.responsive #top #wrap_all .flex_cell.av-kwfa0nlc-ae34b70a0b37f3c1b5af6bc877ba60ab{\npadding:60px 130px 80px 130px !important;\n}\n<\/style>\n<div class='flex_cell av-kwfa0nlc-ae34b70a0b37f3c1b5af6bc877ba60ab av-gridrow-cell av_one_full no_margin  avia-builder-el-5  avia-builder-el-no-sibling  content-align-top'  ><div class='flex_cell_inner'><p>\n<style type=\"text\/css\" data-created_by=\"avia_inline_auto\" id=\"style-css-av-kwfa1fej-5a4de33509b8fd19043f66f561a55f98\">\n.avia-image-container.av-kwfa1fej-5a4de33509b8fd19043f66f561a55f98 img.avia_image{\nbox-shadow:none;\n}\n.avia-image-container.av-kwfa1fej-5a4de33509b8fd19043f66f561a55f98 .av-image-caption-overlay-center{\ncolor:#ffffff;\n}\n<\/style>\n<div  class='avia-image-container av-kwfa1fej-5a4de33509b8fd19043f66f561a55f98 av-styling-no-styling avia-align-center  avia-builder-el-6  el_before_av_hr  avia-builder-el-first '   itemprop=\"image\" itemscope=\"itemscope\" itemtype=\"https:\/\/schema.org\/ImageObject\" ><div class=\"avia-image-container-inner\"><div class=\"avia-image-overlay-wrap\"><img decoding=\"async\" fetchpriority=\"high\" class='wp-image-434 avia-img-lazy-loading-not-434 avia_image ' src=\"https:\/\/chambrealfa.com\/wp-content\/uploads\/2021\/11\/titulo-actividades.jpg\" alt='' title=''  height=\"96\" width=\"684\"  itemprop=\"thumbnailUrl\" srcset=\"https:\/\/chambrealfa.com\/wp-content\/uploads\/2021\/11\/titulo-actividades.jpg 684w, https:\/\/chambrealfa.com\/wp-content\/uploads\/2021\/11\/titulo-actividades-300x42.jpg 300w\" sizes=\"(max-width: 684px) 100vw, 684px\" \/><\/div><\/div><\/div><br \/>\n\n<style type=\"text\/css\" data-created_by=\"avia_inline_auto\" id=\"style-css-av-12vk8-01caf5dfc77ddd6f48a07cf1c3614383\">\n#top .hr.hr-invisible.av-12vk8-01caf5dfc77ddd6f48a07cf1c3614383{\nheight:20px;\n}\n<\/style>\n<div  class='hr av-12vk8-01caf5dfc77ddd6f48a07cf1c3614383 hr-invisible  avia-builder-el-7  el_after_av_image  el_before_av_blog '><span class='hr-inner '><span class=\"hr-inner-style\"><\/span><\/span><\/div><br \/>\n<div  data-slideshow-options=\"{&quot;animation&quot;:&quot;fade&quot;,&quot;autoplay&quot;:false,&quot;loop_autoplay&quot;:&quot;once&quot;,&quot;interval&quot;:5,&quot;loop_manual&quot;:&quot;manual-endless&quot;,&quot;autoplay_stopper&quot;:false,&quot;noNavigation&quot;:false,&quot;show_slide_delay&quot;:90}\" class='avia-content-slider avia-content-grid-active avia-content-slider1 avia-content-slider-odd  avia-builder-el-8  el_after_av_hr  avia-builder-el-last  av-slideshow-ui av-control-default   av-no-slider-navigation av-slideshow-manual av-loop-once av-loop-manual-endless '  itemscope=\"itemscope\" itemtype=\"https:\/\/schema.org\/Blog\" ><div class=\"avia-content-slider-inner\"><div class=\"slide-entry-wrap\"><article class='slide-entry flex_column  post-entry post-entry-2802 slide-entry-overview slide-loop-1 slide-parity-odd  av_one_third first real-thumbnail posttype-post post-format-standard'  itemscope=\"itemscope\" itemtype=\"https:\/\/schema.org\/CreativeWork\" ><a href='https:\/\/chambrealfa.com\/es\/evento-privado-restaurante-tanguera\/' data-rel='slide-1' class='slide-image' title='Evento privado \u2013  Restaurante Tanguera'><img decoding=\"async\" fetchpriority=\"high\" width=\"400\" height=\"400\" src=\"https:\/\/chambrealfa.com\/wp-content\/uploads\/2026\/03\/2026.01.20-ALFA-Nouvelle-annee-portada.jpg\" class=\"wp-image-2801 avia-img-lazy-loading-not-2801 attachment-portfolio size-portfolio wp-post-image\" alt=\"\" srcset=\"https:\/\/chambrealfa.com\/wp-content\/uploads\/2026\/03\/2026.01.20-ALFA-Nouvelle-annee-portada.jpg 400w, https:\/\/chambrealfa.com\/wp-content\/uploads\/2026\/03\/2026.01.20-ALFA-Nouvelle-annee-portada-300x300.jpg 300w, https:\/\/chambrealfa.com\/wp-content\/uploads\/2026\/03\/2026.01.20-ALFA-Nouvelle-annee-portada-80x80.jpg 80w, https:\/\/chambrealfa.com\/wp-content\/uploads\/2026\/03\/2026.01.20-ALFA-Nouvelle-annee-portada-36x36.jpg 36w, https:\/\/chambrealfa.com\/wp-content\/uploads\/2026\/03\/2026.01.20-ALFA-Nouvelle-annee-portada-180x180.jpg 180w\" sizes=\"(max-width: 400px) 100vw, 400px\" \/><\/a><div class=\"slide-content\"><header class=\"entry-content-header\" aria-label=\"Slide: Evento privado \u2013  Restaurante Tanguera\"><h3 class='slide-entry-title entry-title '  itemprop=\"headline\" ><a href='https:\/\/chambrealfa.com\/es\/evento-privado-restaurante-tanguera\/' title='Evento privado \u2013  Restaurante Tanguera'>Evento privado \u2013  Restaurante Tanguera<\/a><\/h3><span class=\"av-vertical-delimiter\"><\/span><\/header><div class=\"slide-meta\"><time class='slide-meta-time updated'  itemprop=\"datePublished\" datetime=\"2026-03-09T14:23:21+00:00\" >09\/03\/2026<\/time><\/div><div class='slide-entry-excerpt entry-content'  itemprop=\"text\" >Festejo del a\u00f1o nuevo.<\/div><\/div><footer class=\"entry-footer\"><\/footer><span class='hidden'>\n\t\t\t\t<span class='av-structured-data'  itemprop=\"image\" itemscope=\"itemscope\" itemtype=\"https:\/\/schema.org\/ImageObject\" >\n\t\t\t\t\t\t<span itemprop='url'>https:\/\/chambrealfa.com\/wp-content\/uploads\/2026\/03\/2026.01.20-ALFA-Nouvelle-annee-portada.jpg<\/span>\n\t\t\t\t\t\t<span itemprop='height'>400<\/span>\n\t\t\t\t\t\t<span itemprop='width'>400<\/span>\n\t\t\t\t<\/span>\n\t\t\t\t<span class='av-structured-data'  itemprop=\"publisher\" itemtype=\"https:\/\/schema.org\/Organization\" itemscope=\"itemscope\" >\n\t\t\t\t\t\t<span itemprop='name'>Matias Mercado<\/span>\n\t\t\t\t\t\t<span itemprop='logo' itemscope itemtype='https:\/\/schema.org\/ImageObject'>\n\t\t\t\t\t\t\t<span itemprop='url'>http:\/\/chambrealfa.com\/wp-content\/uploads\/2021\/10\/logo-ALFA-header.png<\/span>\n\t\t\t\t\t\t<\/span>\n\t\t\t\t<\/span><span class='av-structured-data'  itemprop=\"author\" itemscope=\"itemscope\" itemtype=\"https:\/\/schema.org\/Person\" ><span itemprop='name'>Matias Mercado<\/span><\/span><span class='av-structured-data'  itemprop=\"datePublished\" datetime=\"2021-10-26T12:33:29+00:00\" >2026-03-09 14:23:21<\/span><span class='av-structured-data'  itemprop=\"dateModified\" itemtype=\"https:\/\/schema.org\/dateModified\" >2026-03-09 14:23:44<\/span><span class='av-structured-data'  itemprop=\"mainEntityOfPage\" itemtype=\"https:\/\/schema.org\/mainEntityOfPage\" ><span itemprop='name'>Evento privado \u2013  Restaurante Tanguera<\/span><\/span><\/span><\/article><article class='slide-entry flex_column  post-entry post-entry-2710 slide-entry-overview slide-loop-2 slide-parity-even  av_one_third  real-thumbnail posttype-post post-format-standard'  itemscope=\"itemscope\" itemtype=\"https:\/\/schema.org\/CreativeWork\" ><a href='https:\/\/chambrealfa.com\/es\/encuentro-debate-forward-global\/' data-rel='slide-1' class='slide-image' title='Encuentro-debate &#8211; Forward Global'><img decoding=\"async\" fetchpriority=\"high\" width=\"400\" height=\"400\" src=\"https:\/\/chambrealfa.com\/wp-content\/uploads\/2025\/11\/Portada-UE-Mercosur.jpg\" class=\"wp-image-2680 avia-img-lazy-loading-not-2680 attachment-portfolio size-portfolio wp-post-image\" alt=\"\" srcset=\"https:\/\/chambrealfa.com\/wp-content\/uploads\/2025\/11\/Portada-UE-Mercosur.jpg 400w, https:\/\/chambrealfa.com\/wp-content\/uploads\/2025\/11\/Portada-UE-Mercosur-300x300.jpg 300w, https:\/\/chambrealfa.com\/wp-content\/uploads\/2025\/11\/Portada-UE-Mercosur-80x80.jpg 80w, https:\/\/chambrealfa.com\/wp-content\/uploads\/2025\/11\/Portada-UE-Mercosur-36x36.jpg 36w, https:\/\/chambrealfa.com\/wp-content\/uploads\/2025\/11\/Portada-UE-Mercosur-180x180.jpg 180w\" sizes=\"(max-width: 400px) 100vw, 400px\" \/><\/a><div class=\"slide-content\"><header class=\"entry-content-header\" aria-label=\"Slide: Encuentro-debate - Forward Global\"><h3 class='slide-entry-title entry-title '  itemprop=\"headline\" ><a href='https:\/\/chambrealfa.com\/es\/encuentro-debate-forward-global\/' title='Encuentro-debate &#8211; Forward Global'>Encuentro-debate &#8211; Forward Global<\/a><\/h3><span class=\"av-vertical-delimiter\"><\/span><\/header><div class=\"slide-meta\"><time class='slide-meta-time updated'  itemprop=\"datePublished\" datetime=\"2025-11-27T14:38:56+00:00\" >27\/11\/2025<\/time><\/div><div class='slide-entry-excerpt entry-content'  itemprop=\"text\" >UE-Mercosur, enfin ou h\u00e9las.<\/div><\/div><footer class=\"entry-footer\"><\/footer><span class='hidden'>\n\t\t\t\t<span class='av-structured-data'  itemprop=\"image\" itemscope=\"itemscope\" itemtype=\"https:\/\/schema.org\/ImageObject\" >\n\t\t\t\t\t\t<span itemprop='url'>https:\/\/chambrealfa.com\/wp-content\/uploads\/2025\/11\/Portada-UE-Mercosur.jpg<\/span>\n\t\t\t\t\t\t<span itemprop='height'>400<\/span>\n\t\t\t\t\t\t<span itemprop='width'>400<\/span>\n\t\t\t\t<\/span>\n\t\t\t\t<span class='av-structured-data'  itemprop=\"publisher\" itemtype=\"https:\/\/schema.org\/Organization\" itemscope=\"itemscope\" >\n\t\t\t\t\t\t<span itemprop='name'>Matias Mercado<\/span>\n\t\t\t\t\t\t<span itemprop='logo' itemscope itemtype='https:\/\/schema.org\/ImageObject'>\n\t\t\t\t\t\t\t<span itemprop='url'>http:\/\/chambrealfa.com\/wp-content\/uploads\/2021\/10\/logo-ALFA-header.png<\/span>\n\t\t\t\t\t\t<\/span>\n\t\t\t\t<\/span><span class='av-structured-data'  itemprop=\"author\" itemscope=\"itemscope\" itemtype=\"https:\/\/schema.org\/Person\" ><span itemprop='name'>Matias Mercado<\/span><\/span><span class='av-structured-data'  itemprop=\"datePublished\" datetime=\"2021-10-26T12:33:29+00:00\" >2025-11-27 14:38:56<\/span><span class='av-structured-data'  itemprop=\"dateModified\" itemtype=\"https:\/\/schema.org\/dateModified\" >2025-12-19 22:55:41<\/span><span class='av-structured-data'  itemprop=\"mainEntityOfPage\" itemtype=\"https:\/\/schema.org\/mainEntityOfPage\" ><span itemprop='name'>Encuentro-debate &#8211; Forward Global<\/span><\/span><\/span><\/article><article class='slide-entry flex_column  post-entry post-entry-2774 slide-entry-overview slide-loop-3 slide-parity-odd  av_one_third  real-thumbnail posttype-post post-format-standard'  itemscope=\"itemscope\" itemtype=\"https:\/\/schema.org\/CreativeWork\" ><a href='https:\/\/chambrealfa.com\/es\/sommet-ia-grand-palais\/' data-rel='slide-1' class='slide-image' title='Sommet IA \u2013 Grand Palais'><img decoding=\"async\" fetchpriority=\"high\" width=\"400\" height=\"400\" src=\"https:\/\/chambrealfa.com\/wp-content\/uploads\/2025\/12\/Sommet-IA.jpg\" class=\"wp-image-2759 avia-img-lazy-loading-not-2759 attachment-portfolio size-portfolio wp-post-image\" alt=\"\" srcset=\"https:\/\/chambrealfa.com\/wp-content\/uploads\/2025\/12\/Sommet-IA.jpg 400w, https:\/\/chambrealfa.com\/wp-content\/uploads\/2025\/12\/Sommet-IA-300x300.jpg 300w, https:\/\/chambrealfa.com\/wp-content\/uploads\/2025\/12\/Sommet-IA-80x80.jpg 80w, https:\/\/chambrealfa.com\/wp-content\/uploads\/2025\/12\/Sommet-IA-36x36.jpg 36w, https:\/\/chambrealfa.com\/wp-content\/uploads\/2025\/12\/Sommet-IA-180x180.jpg 180w\" sizes=\"(max-width: 400px) 100vw, 400px\" \/><\/a><div class=\"slide-content\"><header class=\"entry-content-header\" aria-label=\"Slide: Sommet IA \u2013 Grand Palais\"><h3 class='slide-entry-title entry-title '  itemprop=\"headline\" ><a href='https:\/\/chambrealfa.com\/es\/sommet-ia-grand-palais\/' title='Sommet IA \u2013 Grand Palais'>Sommet IA \u2013 Grand Palais<\/a><\/h3><span class=\"av-vertical-delimiter\"><\/span><\/header><div class=\"slide-meta\"><time class='slide-meta-time updated'  itemprop=\"datePublished\" datetime=\"2025-11-25T23:05:33+00:00\" >25\/11\/2025<\/time><\/div><div class='slide-entry-excerpt entry-content'  itemprop=\"text\" >Participaci\u00f3n de ALFA.<\/div><\/div><footer class=\"entry-footer\"><\/footer><span class='hidden'>\n\t\t\t\t<span class='av-structured-data'  itemprop=\"image\" itemscope=\"itemscope\" itemtype=\"https:\/\/schema.org\/ImageObject\" >\n\t\t\t\t\t\t<span itemprop='url'>https:\/\/chambrealfa.com\/wp-content\/uploads\/2025\/12\/Sommet-IA.jpg<\/span>\n\t\t\t\t\t\t<span itemprop='height'>400<\/span>\n\t\t\t\t\t\t<span itemprop='width'>400<\/span>\n\t\t\t\t<\/span>\n\t\t\t\t<span class='av-structured-data'  itemprop=\"publisher\" itemtype=\"https:\/\/schema.org\/Organization\" itemscope=\"itemscope\" >\n\t\t\t\t\t\t<span itemprop='name'>Matias Mercado<\/span>\n\t\t\t\t\t\t<span itemprop='logo' itemscope itemtype='https:\/\/schema.org\/ImageObject'>\n\t\t\t\t\t\t\t<span itemprop='url'>http:\/\/chambrealfa.com\/wp-content\/uploads\/2021\/10\/logo-ALFA-header.png<\/span>\n\t\t\t\t\t\t<\/span>\n\t\t\t\t<\/span><span class='av-structured-data'  itemprop=\"author\" itemscope=\"itemscope\" itemtype=\"https:\/\/schema.org\/Person\" ><span itemprop='name'>Matias Mercado<\/span><\/span><span class='av-structured-data'  itemprop=\"datePublished\" datetime=\"2021-10-26T12:33:29+00:00\" >2025-11-25 23:05:33<\/span><span class='av-structured-data'  itemprop=\"dateModified\" itemtype=\"https:\/\/schema.org\/dateModified\" >2026-03-09 14:24:21<\/span><span class='av-structured-data'  itemprop=\"mainEntityOfPage\" itemtype=\"https:\/\/schema.org\/mainEntityOfPage\" ><span itemprop='name'>Sommet IA \u2013 Grand Palais<\/span><\/span><\/span><\/article><\/div><div class=\"slide-entry-wrap\"><article class='slide-entry flex_column  post-entry post-entry-2692 slide-entry-overview slide-loop-4 slide-parity-odd  av_one_third first real-thumbnail posttype-post post-format-standard'  itemscope=\"itemscope\" itemtype=\"https:\/\/schema.org\/CreativeWork\" ><a href='https:\/\/chambrealfa.com\/es\/taller-embajada-de-argentina\/' data-rel='slide-1' class='slide-image' title='Taller \u2013 Embajada de Argentina'><img decoding=\"async\" fetchpriority=\"high\" width=\"400\" height=\"400\" src=\"https:\/\/chambrealfa.com\/wp-content\/uploads\/2025\/11\/Portada-Sabio.jpg\" class=\"wp-image-2686 avia-img-lazy-loading-not-2686 attachment-portfolio size-portfolio wp-post-image\" alt=\"\" srcset=\"https:\/\/chambrealfa.com\/wp-content\/uploads\/2025\/11\/Portada-Sabio.jpg 400w, https:\/\/chambrealfa.com\/wp-content\/uploads\/2025\/11\/Portada-Sabio-300x300.jpg 300w, https:\/\/chambrealfa.com\/wp-content\/uploads\/2025\/11\/Portada-Sabio-80x80.jpg 80w, https:\/\/chambrealfa.com\/wp-content\/uploads\/2025\/11\/Portada-Sabio-36x36.jpg 36w, https:\/\/chambrealfa.com\/wp-content\/uploads\/2025\/11\/Portada-Sabio-180x180.jpg 180w\" sizes=\"(max-width: 400px) 100vw, 400px\" \/><\/a><div class=\"slide-content\"><header class=\"entry-content-header\" aria-label=\"Slide: Taller \u2013 Embajada de Argentina\"><h3 class='slide-entry-title entry-title '  itemprop=\"headline\" ><a href='https:\/\/chambrealfa.com\/es\/taller-embajada-de-argentina\/' title='Taller \u2013 Embajada de Argentina'>Taller \u2013 Embajada de Argentina<\/a><\/h3><span class=\"av-vertical-delimiter\"><\/span><\/header><div class=\"slide-meta\"><time class='slide-meta-time updated'  itemprop=\"datePublished\" datetime=\"2025-10-29T14:29:53+00:00\" >29\/10\/2025<\/time><\/div><div class='slide-entry-excerpt entry-content'  itemprop=\"text\" >Puente emprendedor: estrategias y herramientas para navegar la dualidad Argentina-Francia en un contexto de cambio e inteligencia artificial.<\/div><\/div><footer class=\"entry-footer\"><\/footer><span class='hidden'>\n\t\t\t\t<span class='av-structured-data'  itemprop=\"image\" itemscope=\"itemscope\" itemtype=\"https:\/\/schema.org\/ImageObject\" >\n\t\t\t\t\t\t<span itemprop='url'>https:\/\/chambrealfa.com\/wp-content\/uploads\/2025\/11\/Portada-Sabio.jpg<\/span>\n\t\t\t\t\t\t<span itemprop='height'>400<\/span>\n\t\t\t\t\t\t<span itemprop='width'>400<\/span>\n\t\t\t\t<\/span>\n\t\t\t\t<span class='av-structured-data'  itemprop=\"publisher\" itemtype=\"https:\/\/schema.org\/Organization\" itemscope=\"itemscope\" >\n\t\t\t\t\t\t<span itemprop='name'>Matias Mercado<\/span>\n\t\t\t\t\t\t<span itemprop='logo' itemscope itemtype='https:\/\/schema.org\/ImageObject'>\n\t\t\t\t\t\t\t<span itemprop='url'>http:\/\/chambrealfa.com\/wp-content\/uploads\/2021\/10\/logo-ALFA-header.png<\/span>\n\t\t\t\t\t\t<\/span>\n\t\t\t\t<\/span><span class='av-structured-data'  itemprop=\"author\" itemscope=\"itemscope\" itemtype=\"https:\/\/schema.org\/Person\" ><span itemprop='name'>Matias Mercado<\/span><\/span><span class='av-structured-data'  itemprop=\"datePublished\" datetime=\"2021-10-26T12:33:29+00:00\" >2025-10-29 14:29:53<\/span><span class='av-structured-data'  itemprop=\"dateModified\" itemtype=\"https:\/\/schema.org\/dateModified\" >2025-11-04 14:36:47<\/span><span class='av-structured-data'  itemprop=\"mainEntityOfPage\" itemtype=\"https:\/\/schema.org\/mainEntityOfPage\" ><span itemprop='name'>Taller \u2013 Embajada de Argentina<\/span><\/span><\/span><\/article><article class='slide-entry flex_column  post-entry post-entry-2637 slide-entry-overview slide-loop-5 slide-parity-even  av_one_third  real-thumbnail posttype-post post-format-standard'  itemscope=\"itemscope\" itemtype=\"https:\/\/schema.org\/CreativeWork\" ><a href='https:\/\/chambrealfa.com\/es\/conferencia-juan-marcos\/' data-rel='slide-1' class='slide-image' title='Conferencia \u2013 Restaurante Santa Carne'><img decoding=\"async\" fetchpriority=\"high\" width=\"400\" height=\"400\" src=\"https:\/\/chambrealfa.com\/wp-content\/uploads\/2025\/06\/portada-Anemo.jpg\" class=\"wp-image-2635 avia-img-lazy-loading-not-2635 attachment-portfolio size-portfolio wp-post-image\" alt=\"\" srcset=\"https:\/\/chambrealfa.com\/wp-content\/uploads\/2025\/06\/portada-Anemo.jpg 400w, https:\/\/chambrealfa.com\/wp-content\/uploads\/2025\/06\/portada-Anemo-300x300.jpg 300w, https:\/\/chambrealfa.com\/wp-content\/uploads\/2025\/06\/portada-Anemo-80x80.jpg 80w, https:\/\/chambrealfa.com\/wp-content\/uploads\/2025\/06\/portada-Anemo-36x36.jpg 36w, https:\/\/chambrealfa.com\/wp-content\/uploads\/2025\/06\/portada-Anemo-180x180.jpg 180w\" sizes=\"(max-width: 400px) 100vw, 400px\" \/><\/a><div class=\"slide-content\"><header class=\"entry-content-header\" aria-label=\"Slide: Conferencia \u2013 Restaurante Santa Carne\"><h3 class='slide-entry-title entry-title '  itemprop=\"headline\" ><a href='https:\/\/chambrealfa.com\/es\/conferencia-juan-marcos\/' title='Conferencia \u2013 Restaurante Santa Carne'>Conferencia \u2013 Restaurante Santa Carne<\/a><\/h3><span class=\"av-vertical-delimiter\"><\/span><\/header><div class=\"slide-meta\"><time class='slide-meta-time updated'  itemprop=\"datePublished\" datetime=\"2025-06-17T17:35:37+00:00\" >17\/06\/2025<\/time><\/div><div class='slide-entry-excerpt entry-content'  itemprop=\"text\" >Derri\u00e8re les apparences, les cl\u00e9s pour manager efficacement entre France et Argentine.<\/div><\/div><footer class=\"entry-footer\"><\/footer><span class='hidden'>\n\t\t\t\t<span class='av-structured-data'  itemprop=\"image\" itemscope=\"itemscope\" itemtype=\"https:\/\/schema.org\/ImageObject\" >\n\t\t\t\t\t\t<span itemprop='url'>https:\/\/chambrealfa.com\/wp-content\/uploads\/2025\/06\/portada-Anemo.jpg<\/span>\n\t\t\t\t\t\t<span itemprop='height'>400<\/span>\n\t\t\t\t\t\t<span itemprop='width'>400<\/span>\n\t\t\t\t<\/span>\n\t\t\t\t<span class='av-structured-data'  itemprop=\"publisher\" itemtype=\"https:\/\/schema.org\/Organization\" itemscope=\"itemscope\" >\n\t\t\t\t\t\t<span itemprop='name'>Matias Mercado<\/span>\n\t\t\t\t\t\t<span itemprop='logo' itemscope itemtype='https:\/\/schema.org\/ImageObject'>\n\t\t\t\t\t\t\t<span itemprop='url'>http:\/\/chambrealfa.com\/wp-content\/uploads\/2021\/10\/logo-ALFA-header.png<\/span>\n\t\t\t\t\t\t<\/span>\n\t\t\t\t<\/span><span class='av-structured-data'  itemprop=\"author\" itemscope=\"itemscope\" itemtype=\"https:\/\/schema.org\/Person\" ><span itemprop='name'>Matias Mercado<\/span><\/span><span class='av-structured-data'  itemprop=\"datePublished\" datetime=\"2021-10-26T12:33:29+00:00\" >2025-06-17 17:35:37<\/span><span class='av-structured-data'  itemprop=\"dateModified\" itemtype=\"https:\/\/schema.org\/dateModified\" >2025-06-20 12:57:50<\/span><span class='av-structured-data'  itemprop=\"mainEntityOfPage\" itemtype=\"https:\/\/schema.org\/mainEntityOfPage\" ><span itemprop='name'>Conferencia \u2013 Restaurante Santa Carne<\/span><\/span><\/span><\/article><article class='slide-entry flex_column  post-entry post-entry-2656 slide-entry-overview slide-loop-6 slide-parity-odd  av_one_third  real-thumbnail posttype-post post-format-standard'  itemscope=\"itemscope\" itemtype=\"https:\/\/schema.org\/CreativeWork\" ><a href='https:\/\/chambrealfa.com\/es\/forum-maison-de-lamerique-latine\/' data-rel='slide-1' class='slide-image' title='Forum &#8211; Maison de l&#8217;Am\u00e9rique Latine'><img decoding=\"async\" fetchpriority=\"high\" width=\"400\" height=\"400\" src=\"https:\/\/chambrealfa.com\/wp-content\/uploads\/2025\/05\/Portada-Forum-Amerique-Latine.jpg\" class=\"wp-image-2643 avia-img-lazy-loading-not-2643 attachment-portfolio size-portfolio wp-post-image\" alt=\"\" srcset=\"https:\/\/chambrealfa.com\/wp-content\/uploads\/2025\/05\/Portada-Forum-Amerique-Latine.jpg 400w, https:\/\/chambrealfa.com\/wp-content\/uploads\/2025\/05\/Portada-Forum-Amerique-Latine-300x300.jpg 300w, https:\/\/chambrealfa.com\/wp-content\/uploads\/2025\/05\/Portada-Forum-Amerique-Latine-80x80.jpg 80w, https:\/\/chambrealfa.com\/wp-content\/uploads\/2025\/05\/Portada-Forum-Amerique-Latine-36x36.jpg 36w, https:\/\/chambrealfa.com\/wp-content\/uploads\/2025\/05\/Portada-Forum-Amerique-Latine-180x180.jpg 180w\" sizes=\"(max-width: 400px) 100vw, 400px\" \/><\/a><div class=\"slide-content\"><header class=\"entry-content-header\" aria-label=\"Slide: Forum - Maison de l&#039;Am\u00e9rique Latine\"><h3 class='slide-entry-title entry-title '  itemprop=\"headline\" ><a href='https:\/\/chambrealfa.com\/es\/forum-maison-de-lamerique-latine\/' title='Forum &#8211; Maison de l&#8217;Am\u00e9rique Latine'>Forum &#8211; Maison de l&#8217;Am\u00e9rique Latine<\/a><\/h3><span class=\"av-vertical-delimiter\"><\/span><\/header><div class=\"slide-meta\"><time class='slide-meta-time updated'  itemprop=\"datePublished\" datetime=\"2025-05-25T17:54:52+00:00\" >25\/05\/2025<\/time><\/div><div class='slide-entry-excerpt entry-content'  itemprop=\"text\" >L'Am\u00e9rique Latine partout.<\/div><\/div><footer class=\"entry-footer\"><\/footer><span class='hidden'>\n\t\t\t\t<span class='av-structured-data'  itemprop=\"image\" itemscope=\"itemscope\" itemtype=\"https:\/\/schema.org\/ImageObject\" >\n\t\t\t\t\t\t<span itemprop='url'>https:\/\/chambrealfa.com\/wp-content\/uploads\/2025\/05\/Portada-Forum-Amerique-Latine.jpg<\/span>\n\t\t\t\t\t\t<span itemprop='height'>400<\/span>\n\t\t\t\t\t\t<span itemprop='width'>400<\/span>\n\t\t\t\t<\/span>\n\t\t\t\t<span class='av-structured-data'  itemprop=\"publisher\" itemtype=\"https:\/\/schema.org\/Organization\" itemscope=\"itemscope\" >\n\t\t\t\t\t\t<span itemprop='name'>Matias Mercado<\/span>\n\t\t\t\t\t\t<span itemprop='logo' itemscope itemtype='https:\/\/schema.org\/ImageObject'>\n\t\t\t\t\t\t\t<span itemprop='url'>http:\/\/chambrealfa.com\/wp-content\/uploads\/2021\/10\/logo-ALFA-header.png<\/span>\n\t\t\t\t\t\t<\/span>\n\t\t\t\t<\/span><span class='av-structured-data'  itemprop=\"author\" itemscope=\"itemscope\" itemtype=\"https:\/\/schema.org\/Person\" ><span itemprop='name'>Matias Mercado<\/span><\/span><span class='av-structured-data'  itemprop=\"datePublished\" datetime=\"2021-10-26T12:33:29+00:00\" >2025-05-25 17:54:52<\/span><span class='av-structured-data'  itemprop=\"dateModified\" itemtype=\"https:\/\/schema.org\/dateModified\" >2025-05-28 17:56:46<\/span><span class='av-structured-data'  itemprop=\"mainEntityOfPage\" itemtype=\"https:\/\/schema.org\/mainEntityOfPage\" ><span itemprop='name'>Forum &#8211; Maison de l&#8217;Am\u00e9rique Latine<\/span><\/span><\/span><\/article><\/div><div class=\"slide-entry-wrap\"><article class='slide-entry flex_column  post-entry post-entry-2443 slide-entry-overview slide-loop-7 slide-parity-odd  av_one_third first real-thumbnail posttype-post post-format-standard'  itemscope=\"itemscope\" itemtype=\"https:\/\/schema.org\/CreativeWork\" ><a href='https:\/\/chambrealfa.com\/es\/presentacion-del-libro-mucho-mas-de-jean-pierre-doly\/' data-rel='slide-1' class='slide-image' title='Conferencia \u2013  La Casa de los Franceses'><img decoding=\"async\" fetchpriority=\"high\" width=\"400\" height=\"400\" src=\"https:\/\/chambrealfa.com\/wp-content\/uploads\/2025\/03\/portada-Doly.jpg\" class=\"wp-image-2438 avia-img-lazy-loading-not-2438 attachment-portfolio size-portfolio wp-post-image\" alt=\"\" srcset=\"https:\/\/chambrealfa.com\/wp-content\/uploads\/2025\/03\/portada-Doly.jpg 400w, https:\/\/chambrealfa.com\/wp-content\/uploads\/2025\/03\/portada-Doly-300x300.jpg 300w, https:\/\/chambrealfa.com\/wp-content\/uploads\/2025\/03\/portada-Doly-80x80.jpg 80w, https:\/\/chambrealfa.com\/wp-content\/uploads\/2025\/03\/portada-Doly-36x36.jpg 36w, https:\/\/chambrealfa.com\/wp-content\/uploads\/2025\/03\/portada-Doly-180x180.jpg 180w\" sizes=\"(max-width: 400px) 100vw, 400px\" \/><\/a><div class=\"slide-content\"><header class=\"entry-content-header\" aria-label=\"Slide: Conferencia \u2013  La Casa de los Franceses\"><h3 class='slide-entry-title entry-title '  itemprop=\"headline\" ><a href='https:\/\/chambrealfa.com\/es\/presentacion-del-libro-mucho-mas-de-jean-pierre-doly\/' title='Conferencia \u2013  La Casa de los Franceses'>Conferencia \u2013  La Casa de los Franceses<\/a><\/h3><span class=\"av-vertical-delimiter\"><\/span><\/header><div class=\"slide-meta\"><time class='slide-meta-time updated'  itemprop=\"datePublished\" datetime=\"2025-03-27T17:21:20+00:00\" >27\/03\/2025<\/time><\/div><div class='slide-entry-excerpt entry-content'  itemprop=\"text\" >Le regard d'un investisseur amoureux de l'Argentine: pr\u00e9sentation de l\u2019ouvrage Mucho m\u00e1s de Jean-Pierre Doly.<\/div><\/div><footer class=\"entry-footer\"><\/footer><span class='hidden'>\n\t\t\t\t<span class='av-structured-data'  itemprop=\"image\" itemscope=\"itemscope\" itemtype=\"https:\/\/schema.org\/ImageObject\" >\n\t\t\t\t\t\t<span itemprop='url'>https:\/\/chambrealfa.com\/wp-content\/uploads\/2025\/03\/portada-Doly.jpg<\/span>\n\t\t\t\t\t\t<span itemprop='height'>400<\/span>\n\t\t\t\t\t\t<span itemprop='width'>400<\/span>\n\t\t\t\t<\/span>\n\t\t\t\t<span class='av-structured-data'  itemprop=\"publisher\" itemtype=\"https:\/\/schema.org\/Organization\" itemscope=\"itemscope\" >\n\t\t\t\t\t\t<span itemprop='name'>Matias Mercado<\/span>\n\t\t\t\t\t\t<span itemprop='logo' itemscope itemtype='https:\/\/schema.org\/ImageObject'>\n\t\t\t\t\t\t\t<span itemprop='url'>http:\/\/chambrealfa.com\/wp-content\/uploads\/2021\/10\/logo-ALFA-header.png<\/span>\n\t\t\t\t\t\t<\/span>\n\t\t\t\t<\/span><span class='av-structured-data'  itemprop=\"author\" itemscope=\"itemscope\" itemtype=\"https:\/\/schema.org\/Person\" ><span itemprop='name'>Matias Mercado<\/span><\/span><span class='av-structured-data'  itemprop=\"datePublished\" datetime=\"2021-10-26T12:33:29+00:00\" >2025-03-27 17:21:20<\/span><span class='av-structured-data'  itemprop=\"dateModified\" itemtype=\"https:\/\/schema.org\/dateModified\" >2025-04-01 17:32:04<\/span><span class='av-structured-data'  itemprop=\"mainEntityOfPage\" itemtype=\"https:\/\/schema.org\/mainEntityOfPage\" ><span itemprop='name'>Conferencia \u2013  La Casa de los Franceses<\/span><\/span><\/span><\/article><article class='slide-entry flex_column  post-entry post-entry-2432 slide-entry-overview slide-loop-8 slide-parity-even  av_one_third  real-thumbnail posttype-post post-format-standard'  itemscope=\"itemscope\" itemtype=\"https:\/\/schema.org\/CreativeWork\" ><a href='https:\/\/chambrealfa.com\/es\/evento-privado-maison-de-lamerique-latine\/' data-rel='slide-1' class='slide-image' title='Evento privado \u2013  Maison De l&#8217;Am\u00e9rique Latine'><img decoding=\"async\" fetchpriority=\"high\" width=\"400\" height=\"400\" src=\"https:\/\/chambrealfa.com\/wp-content\/uploads\/2025\/02\/portada-nouvelle-annee.jpg\" class=\"wp-image-2423 avia-img-lazy-loading-not-2423 attachment-portfolio size-portfolio wp-post-image\" alt=\"\" srcset=\"https:\/\/chambrealfa.com\/wp-content\/uploads\/2025\/02\/portada-nouvelle-annee.jpg 400w, https:\/\/chambrealfa.com\/wp-content\/uploads\/2025\/02\/portada-nouvelle-annee-300x300.jpg 300w, https:\/\/chambrealfa.com\/wp-content\/uploads\/2025\/02\/portada-nouvelle-annee-80x80.jpg 80w, https:\/\/chambrealfa.com\/wp-content\/uploads\/2025\/02\/portada-nouvelle-annee-36x36.jpg 36w, https:\/\/chambrealfa.com\/wp-content\/uploads\/2025\/02\/portada-nouvelle-annee-180x180.jpg 180w\" sizes=\"(max-width: 400px) 100vw, 400px\" \/><\/a><div class=\"slide-content\"><header class=\"entry-content-header\" aria-label=\"Slide: Evento privado \u2013  Maison De l&#039;Am\u00e9rique Latine\"><h3 class='slide-entry-title entry-title '  itemprop=\"headline\" ><a href='https:\/\/chambrealfa.com\/es\/evento-privado-maison-de-lamerique-latine\/' title='Evento privado \u2013  Maison De l&#8217;Am\u00e9rique Latine'>Evento privado \u2013  Maison De l&#8217;Am\u00e9rique Latine<\/a><\/h3><span class=\"av-vertical-delimiter\"><\/span><\/header><div class=\"slide-meta\"><time class='slide-meta-time updated'  itemprop=\"datePublished\" datetime=\"2025-02-10T14:16:36+00:00\" >10\/02\/2025<\/time><\/div><div class='slide-entry-excerpt entry-content'  itemprop=\"text\" >Lanzamiento del a\u00f1o 2025.<\/div><\/div><footer class=\"entry-footer\"><\/footer><span class='hidden'>\n\t\t\t\t<span class='av-structured-data'  itemprop=\"image\" itemscope=\"itemscope\" itemtype=\"https:\/\/schema.org\/ImageObject\" >\n\t\t\t\t\t\t<span itemprop='url'>https:\/\/chambrealfa.com\/wp-content\/uploads\/2025\/02\/portada-nouvelle-annee.jpg<\/span>\n\t\t\t\t\t\t<span itemprop='height'>400<\/span>\n\t\t\t\t\t\t<span itemprop='width'>400<\/span>\n\t\t\t\t<\/span>\n\t\t\t\t<span class='av-structured-data'  itemprop=\"publisher\" itemtype=\"https:\/\/schema.org\/Organization\" itemscope=\"itemscope\" >\n\t\t\t\t\t\t<span itemprop='name'>Matias Mercado<\/span>\n\t\t\t\t\t\t<span itemprop='logo' itemscope itemtype='https:\/\/schema.org\/ImageObject'>\n\t\t\t\t\t\t\t<span itemprop='url'>http:\/\/chambrealfa.com\/wp-content\/uploads\/2021\/10\/logo-ALFA-header.png<\/span>\n\t\t\t\t\t\t<\/span>\n\t\t\t\t<\/span><span class='av-structured-data'  itemprop=\"author\" itemscope=\"itemscope\" itemtype=\"https:\/\/schema.org\/Person\" ><span itemprop='name'>Matias Mercado<\/span><\/span><span class='av-structured-data'  itemprop=\"datePublished\" datetime=\"2021-10-26T12:33:29+00:00\" >2025-02-10 14:16:36<\/span><span class='av-structured-data'  itemprop=\"dateModified\" itemtype=\"https:\/\/schema.org\/dateModified\" >2025-04-02 14:36:42<\/span><span class='av-structured-data'  itemprop=\"mainEntityOfPage\" itemtype=\"https:\/\/schema.org\/mainEntityOfPage\" ><span itemprop='name'>Evento privado \u2013  Maison De l&#8217;Am\u00e9rique Latine<\/span><\/span><\/span><\/article><article class='slide-entry flex_column  post-entry post-entry-2364 slide-entry-overview slide-loop-9 slide-parity-odd  av_one_third  real-thumbnail posttype-post post-format-standard'  itemscope=\"itemscope\" itemtype=\"https:\/\/schema.org\/CreativeWork\" ><a href='https:\/\/chambrealfa.com\/es\/evento-emprender-en-francia\/' data-rel='slide-1' class='slide-image' title='Taller Emprendedores \u2013  Embajada de Argentina'><img decoding=\"async\" fetchpriority=\"high\" width=\"400\" height=\"400\" src=\"https:\/\/chambrealfa.com\/wp-content\/uploads\/2025\/01\/portada-emprender.jpg\" class=\"wp-image-2416 avia-img-lazy-loading-not-2416 attachment-portfolio size-portfolio wp-post-image\" alt=\"\" srcset=\"https:\/\/chambrealfa.com\/wp-content\/uploads\/2025\/01\/portada-emprender.jpg 400w, https:\/\/chambrealfa.com\/wp-content\/uploads\/2025\/01\/portada-emprender-300x300.jpg 300w, https:\/\/chambrealfa.com\/wp-content\/uploads\/2025\/01\/portada-emprender-80x80.jpg 80w, https:\/\/chambrealfa.com\/wp-content\/uploads\/2025\/01\/portada-emprender-36x36.jpg 36w, https:\/\/chambrealfa.com\/wp-content\/uploads\/2025\/01\/portada-emprender-180x180.jpg 180w\" sizes=\"(max-width: 400px) 100vw, 400px\" \/><\/a><div class=\"slide-content\"><header class=\"entry-content-header\" aria-label=\"Slide: Taller Emprendedores \u2013  Embajada de Argentina\"><h3 class='slide-entry-title entry-title '  itemprop=\"headline\" ><a href='https:\/\/chambrealfa.com\/es\/evento-emprender-en-francia\/' title='Taller Emprendedores \u2013  Embajada de Argentina'>Taller Emprendedores \u2013  Embajada de Argentina<\/a><\/h3><span class=\"av-vertical-delimiter\"><\/span><\/header><div class=\"slide-meta\"><time class='slide-meta-time updated'  itemprop=\"datePublished\" datetime=\"2025-01-29T18:23:37+00:00\" >29\/01\/2025<\/time><\/div><div class='slide-entry-excerpt entry-content'  itemprop=\"text\" >Emprender en Francia: logros, aprendizajes y desaf\u00edos.<\/div><\/div><footer class=\"entry-footer\"><\/footer><span class='hidden'>\n\t\t\t\t<span class='av-structured-data'  itemprop=\"image\" itemscope=\"itemscope\" itemtype=\"https:\/\/schema.org\/ImageObject\" >\n\t\t\t\t\t\t<span itemprop='url'>https:\/\/chambrealfa.com\/wp-content\/uploads\/2025\/01\/portada-emprender.jpg<\/span>\n\t\t\t\t\t\t<span itemprop='height'>400<\/span>\n\t\t\t\t\t\t<span itemprop='width'>400<\/span>\n\t\t\t\t<\/span>\n\t\t\t\t<span class='av-structured-data'  itemprop=\"publisher\" itemtype=\"https:\/\/schema.org\/Organization\" itemscope=\"itemscope\" >\n\t\t\t\t\t\t<span itemprop='name'>Matias Mercado<\/span>\n\t\t\t\t\t\t<span itemprop='logo' itemscope itemtype='https:\/\/schema.org\/ImageObject'>\n\t\t\t\t\t\t\t<span itemprop='url'>http:\/\/chambrealfa.com\/wp-content\/uploads\/2021\/10\/logo-ALFA-header.png<\/span>\n\t\t\t\t\t\t<\/span>\n\t\t\t\t<\/span><span class='av-structured-data'  itemprop=\"author\" itemscope=\"itemscope\" itemtype=\"https:\/\/schema.org\/Person\" ><span itemprop='name'>Matias Mercado<\/span><\/span><span class='av-structured-data'  itemprop=\"datePublished\" datetime=\"2021-10-26T12:33:29+00:00\" >2025-01-29 18:23:37<\/span><span class='av-structured-data'  itemprop=\"dateModified\" itemtype=\"https:\/\/schema.org\/dateModified\" >2025-04-02 14:36:56<\/span><span class='av-structured-data'  itemprop=\"mainEntityOfPage\" itemtype=\"https:\/\/schema.org\/mainEntityOfPage\" ><span itemprop='name'>Taller Emprendedores \u2013  Embajada de Argentina<\/span><\/span><\/span><\/article><\/div><div class=\"slide-entry-wrap\"><article class='slide-entry flex_column  post-entry post-entry-2351 slide-entry-overview slide-loop-10 slide-parity-odd  av_one_third first real-thumbnail posttype-post post-format-standard'  itemscope=\"itemscope\" itemtype=\"https:\/\/schema.org\/CreativeWork\" ><a href='https:\/\/chambrealfa.com\/es\/conferencia-debate\/' data-rel='slide-1' class='slide-image' title='Conferencia debate'><img decoding=\"async\" fetchpriority=\"high\" width=\"400\" height=\"400\" src=\"https:\/\/chambrealfa.com\/wp-content\/uploads\/2024\/12\/2024.12.12-ALFA-ACCORD-UE-MER-portada.jpg\" class=\"wp-image-2338 avia-img-lazy-loading-not-2338 attachment-portfolio size-portfolio wp-post-image\" alt=\"\" srcset=\"https:\/\/chambrealfa.com\/wp-content\/uploads\/2024\/12\/2024.12.12-ALFA-ACCORD-UE-MER-portada.jpg 400w, https:\/\/chambrealfa.com\/wp-content\/uploads\/2024\/12\/2024.12.12-ALFA-ACCORD-UE-MER-portada-300x300.jpg 300w, https:\/\/chambrealfa.com\/wp-content\/uploads\/2024\/12\/2024.12.12-ALFA-ACCORD-UE-MER-portada-80x80.jpg 80w, https:\/\/chambrealfa.com\/wp-content\/uploads\/2024\/12\/2024.12.12-ALFA-ACCORD-UE-MER-portada-36x36.jpg 36w, https:\/\/chambrealfa.com\/wp-content\/uploads\/2024\/12\/2024.12.12-ALFA-ACCORD-UE-MER-portada-180x180.jpg 180w\" sizes=\"(max-width: 400px) 100vw, 400px\" \/><\/a><div class=\"slide-content\"><header class=\"entry-content-header\" aria-label=\"Slide: Conferencia debate\"><h3 class='slide-entry-title entry-title '  itemprop=\"headline\" ><a href='https:\/\/chambrealfa.com\/es\/conferencia-debate\/' title='Conferencia debate'>Conferencia debate<\/a><\/h3><span class=\"av-vertical-delimiter\"><\/span><\/header><div class=\"slide-meta\"><time class='slide-meta-time updated'  itemprop=\"datePublished\" datetime=\"2024-12-12T22:47:38+00:00\" >12\/12\/2024<\/time><\/div><div class='slide-entry-excerpt entry-content'  itemprop=\"text\" >Le projet d\u2019accord UE-MERCOSUR. Conf\u00e9rence d\u00e9bat.<\/div><\/div><footer class=\"entry-footer\"><\/footer><span class='hidden'>\n\t\t\t\t<span class='av-structured-data'  itemprop=\"image\" itemscope=\"itemscope\" itemtype=\"https:\/\/schema.org\/ImageObject\" >\n\t\t\t\t\t\t<span itemprop='url'>https:\/\/chambrealfa.com\/wp-content\/uploads\/2024\/12\/2024.12.12-ALFA-ACCORD-UE-MER-portada.jpg<\/span>\n\t\t\t\t\t\t<span itemprop='height'>400<\/span>\n\t\t\t\t\t\t<span itemprop='width'>400<\/span>\n\t\t\t\t<\/span>\n\t\t\t\t<span class='av-structured-data'  itemprop=\"publisher\" itemtype=\"https:\/\/schema.org\/Organization\" itemscope=\"itemscope\" >\n\t\t\t\t\t\t<span itemprop='name'>Matias Mercado<\/span>\n\t\t\t\t\t\t<span itemprop='logo' itemscope itemtype='https:\/\/schema.org\/ImageObject'>\n\t\t\t\t\t\t\t<span itemprop='url'>http:\/\/chambrealfa.com\/wp-content\/uploads\/2021\/10\/logo-ALFA-header.png<\/span>\n\t\t\t\t\t\t<\/span>\n\t\t\t\t<\/span><span class='av-structured-data'  itemprop=\"author\" itemscope=\"itemscope\" itemtype=\"https:\/\/schema.org\/Person\" ><span itemprop='name'>Matias Mercado<\/span><\/span><span class='av-structured-data'  itemprop=\"datePublished\" datetime=\"2021-10-26T12:33:29+00:00\" >2024-12-12 22:47:38<\/span><span class='av-structured-data'  itemprop=\"dateModified\" itemtype=\"https:\/\/schema.org\/dateModified\" >2024-12-20 20:13:43<\/span><span class='av-structured-data'  itemprop=\"mainEntityOfPage\" itemtype=\"https:\/\/schema.org\/mainEntityOfPage\" ><span itemprop='name'>Conferencia debate<\/span><\/span><\/span><\/article><article class='slide-entry flex_column  post-entry post-entry-2385 slide-entry-overview slide-loop-11 slide-parity-even  av_one_third  real-thumbnail posttype-post post-format-standard'  itemscope=\"itemscope\" itemtype=\"https:\/\/schema.org\/CreativeWork\" ><a href='https:\/\/chambrealfa.com\/es\/evento-cercle-france-ameriques\/' data-rel='slide-1' class='slide-image' title='Evento Cercle France-Am\u00e9riques'><img decoding=\"async\" fetchpriority=\"high\" width=\"400\" height=\"400\" src=\"https:\/\/chambrealfa.com\/wp-content\/uploads\/2025\/01\/portada-largentine.jpg\" class=\"wp-image-2398 avia-img-lazy-loading-not-2398 attachment-portfolio size-portfolio wp-post-image\" alt=\"\" srcset=\"https:\/\/chambrealfa.com\/wp-content\/uploads\/2025\/01\/portada-largentine.jpg 400w, https:\/\/chambrealfa.com\/wp-content\/uploads\/2025\/01\/portada-largentine-300x300.jpg 300w, https:\/\/chambrealfa.com\/wp-content\/uploads\/2025\/01\/portada-largentine-80x80.jpg 80w, https:\/\/chambrealfa.com\/wp-content\/uploads\/2025\/01\/portada-largentine-36x36.jpg 36w, https:\/\/chambrealfa.com\/wp-content\/uploads\/2025\/01\/portada-largentine-180x180.jpg 180w\" sizes=\"(max-width: 400px) 100vw, 400px\" \/><\/a><div class=\"slide-content\"><header class=\"entry-content-header\" aria-label=\"Slide: Evento Cercle France-Am\u00e9riques\"><h3 class='slide-entry-title entry-title '  itemprop=\"headline\" ><a href='https:\/\/chambrealfa.com\/es\/evento-cercle-france-ameriques\/' title='Evento Cercle France-Am\u00e9riques'>Evento Cercle France-Am\u00e9riques<\/a><\/h3><span class=\"av-vertical-delimiter\"><\/span><\/header><div class=\"slide-meta\"><time class='slide-meta-time updated'  itemprop=\"datePublished\" datetime=\"2024-12-02T13:36:02+00:00\" >02\/12\/2024<\/time><\/div><div class='slide-entry-excerpt entry-content'  itemprop=\"text\" >L'Argentine sous Milei et le pari du lib\u00e9ralisme \u00e9conomique: la fin du socialisme d'Etat ?<\/div><\/div><footer class=\"entry-footer\"><\/footer><span class='hidden'>\n\t\t\t\t<span class='av-structured-data'  itemprop=\"image\" itemscope=\"itemscope\" itemtype=\"https:\/\/schema.org\/ImageObject\" >\n\t\t\t\t\t\t<span itemprop='url'>https:\/\/chambrealfa.com\/wp-content\/uploads\/2025\/01\/portada-largentine.jpg<\/span>\n\t\t\t\t\t\t<span itemprop='height'>400<\/span>\n\t\t\t\t\t\t<span itemprop='width'>400<\/span>\n\t\t\t\t<\/span>\n\t\t\t\t<span class='av-structured-data'  itemprop=\"publisher\" itemtype=\"https:\/\/schema.org\/Organization\" itemscope=\"itemscope\" >\n\t\t\t\t\t\t<span itemprop='name'>Matias Mercado<\/span>\n\t\t\t\t\t\t<span itemprop='logo' itemscope itemtype='https:\/\/schema.org\/ImageObject'>\n\t\t\t\t\t\t\t<span itemprop='url'>http:\/\/chambrealfa.com\/wp-content\/uploads\/2021\/10\/logo-ALFA-header.png<\/span>\n\t\t\t\t\t\t<\/span>\n\t\t\t\t<\/span><span class='av-structured-data'  itemprop=\"author\" itemscope=\"itemscope\" itemtype=\"https:\/\/schema.org\/Person\" ><span itemprop='name'>Matias Mercado<\/span><\/span><span class='av-structured-data'  itemprop=\"datePublished\" datetime=\"2021-10-26T12:33:29+00:00\" >2024-12-02 13:36:02<\/span><span class='av-structured-data'  itemprop=\"dateModified\" itemtype=\"https:\/\/schema.org\/dateModified\" >2025-01-31 13:15:41<\/span><span class='av-structured-data'  itemprop=\"mainEntityOfPage\" itemtype=\"https:\/\/schema.org\/mainEntityOfPage\" ><span itemprop='name'>Evento Cercle France-Am\u00e9riques<\/span><\/span><\/span><\/article><article class='slide-entry flex_column  post-entry post-entry-2307 slide-entry-overview slide-loop-12 slide-parity-odd  av_one_third  real-thumbnail posttype-post post-format-standard'  itemscope=\"itemscope\" itemtype=\"https:\/\/schema.org\/CreativeWork\" ><a href='https:\/\/chambrealfa.com\/es\/webinario-arquitectura\/' data-rel='slide-1' class='slide-image' title='Webinario'><img decoding=\"async\" fetchpriority=\"high\" width=\"400\" height=\"400\" src=\"https:\/\/chambrealfa.com\/wp-content\/uploads\/2024\/10\/proforma-visiones-compartidas.jpg\" class=\"wp-image-2308 avia-img-lazy-loading-not-2308 attachment-portfolio size-portfolio wp-post-image\" alt=\"\" srcset=\"https:\/\/chambrealfa.com\/wp-content\/uploads\/2024\/10\/proforma-visiones-compartidas.jpg 400w, https:\/\/chambrealfa.com\/wp-content\/uploads\/2024\/10\/proforma-visiones-compartidas-300x300.jpg 300w, https:\/\/chambrealfa.com\/wp-content\/uploads\/2024\/10\/proforma-visiones-compartidas-80x80.jpg 80w, https:\/\/chambrealfa.com\/wp-content\/uploads\/2024\/10\/proforma-visiones-compartidas-36x36.jpg 36w, https:\/\/chambrealfa.com\/wp-content\/uploads\/2024\/10\/proforma-visiones-compartidas-180x180.jpg 180w\" sizes=\"(max-width: 400px) 100vw, 400px\" \/><\/a><div class=\"slide-content\"><header class=\"entry-content-header\" aria-label=\"Slide: Webinario\"><h3 class='slide-entry-title entry-title '  itemprop=\"headline\" ><a href='https:\/\/chambrealfa.com\/es\/webinario-arquitectura\/' title='Webinario'>Webinario<\/a><\/h3><span class=\"av-vertical-delimiter\"><\/span><\/header><div class=\"slide-meta\"><time class='slide-meta-time updated'  itemprop=\"datePublished\" datetime=\"2024-11-18T22:47:06+00:00\" >18\/11\/2024<\/time><\/div><div class='slide-entry-excerpt entry-content'  itemprop=\"text\" >Visiones compartidas de sustentabilidad, urbanismo y arquitectura desde Argentina y Francia.<\/div><\/div><footer class=\"entry-footer\"><\/footer><span class='hidden'>\n\t\t\t\t<span class='av-structured-data'  itemprop=\"image\" itemscope=\"itemscope\" itemtype=\"https:\/\/schema.org\/ImageObject\" >\n\t\t\t\t\t\t<span itemprop='url'>https:\/\/chambrealfa.com\/wp-content\/uploads\/2024\/10\/proforma-visiones-compartidas.jpg<\/span>\n\t\t\t\t\t\t<span itemprop='height'>400<\/span>\n\t\t\t\t\t\t<span itemprop='width'>400<\/span>\n\t\t\t\t<\/span>\n\t\t\t\t<span class='av-structured-data'  itemprop=\"publisher\" itemtype=\"https:\/\/schema.org\/Organization\" itemscope=\"itemscope\" >\n\t\t\t\t\t\t<span itemprop='name'>Matias Mercado<\/span>\n\t\t\t\t\t\t<span itemprop='logo' itemscope itemtype='https:\/\/schema.org\/ImageObject'>\n\t\t\t\t\t\t\t<span itemprop='url'>http:\/\/chambrealfa.com\/wp-content\/uploads\/2021\/10\/logo-ALFA-header.png<\/span>\n\t\t\t\t\t\t<\/span>\n\t\t\t\t<\/span><span class='av-structured-data'  itemprop=\"author\" itemscope=\"itemscope\" itemtype=\"https:\/\/schema.org\/Person\" ><span itemprop='name'>Matias Mercado<\/span><\/span><span class='av-structured-data'  itemprop=\"datePublished\" datetime=\"2021-10-26T12:33:29+00:00\" >2024-11-18 22:47:06<\/span><span class='av-structured-data'  itemprop=\"dateModified\" itemtype=\"https:\/\/schema.org\/dateModified\" >2025-01-31 13:10:10<\/span><span class='av-structured-data'  itemprop=\"mainEntityOfPage\" itemtype=\"https:\/\/schema.org\/mainEntityOfPage\" ><span itemprop='name'>Webinario<\/span><\/span><\/span><\/article><\/div><div class=\"slide-entry-wrap\"><article class='slide-entry flex_column  post-entry post-entry-2332 slide-entry-overview slide-loop-13 slide-parity-odd  av_one_third first real-thumbnail posttype-post post-format-standard'  itemscope=\"itemscope\" itemtype=\"https:\/\/schema.org\/CreativeWork\" ><a href='https:\/\/chambrealfa.com\/es\/webinario-estrategias-fiscales\/' data-rel='slide-1' class='slide-image' title='Webinario'><img decoding=\"async\" fetchpriority=\"high\" width=\"400\" height=\"400\" src=\"https:\/\/chambrealfa.com\/wp-content\/uploads\/2024\/12\/2024-11-14-FIGA-portada.jpg\" class=\"wp-image-2326 avia-img-lazy-loading-not-2326 attachment-portfolio size-portfolio wp-post-image\" alt=\"\" srcset=\"https:\/\/chambrealfa.com\/wp-content\/uploads\/2024\/12\/2024-11-14-FIGA-portada.jpg 400w, https:\/\/chambrealfa.com\/wp-content\/uploads\/2024\/12\/2024-11-14-FIGA-portada-300x300.jpg 300w, https:\/\/chambrealfa.com\/wp-content\/uploads\/2024\/12\/2024-11-14-FIGA-portada-80x80.jpg 80w, https:\/\/chambrealfa.com\/wp-content\/uploads\/2024\/12\/2024-11-14-FIGA-portada-36x36.jpg 36w, https:\/\/chambrealfa.com\/wp-content\/uploads\/2024\/12\/2024-11-14-FIGA-portada-180x180.jpg 180w\" sizes=\"(max-width: 400px) 100vw, 400px\" \/><\/a><div class=\"slide-content\"><header class=\"entry-content-header\" aria-label=\"Slide: Webinario\"><h3 class='slide-entry-title entry-title '  itemprop=\"headline\" ><a href='https:\/\/chambrealfa.com\/es\/webinario-estrategias-fiscales\/' title='Webinario'>Webinario<\/a><\/h3><span class=\"av-vertical-delimiter\"><\/span><\/header><div class=\"slide-meta\"><time class='slide-meta-time updated'  itemprop=\"datePublished\" datetime=\"2024-11-14T22:41:49+00:00\" >14\/11\/2024<\/time><\/div><div class='slide-entry-excerpt entry-content'  itemprop=\"text\" >\u00a1AHORA O NUNCA! Estrategias Fiscales de \u00daltimo Minuto.<\/div><\/div><footer class=\"entry-footer\"><\/footer><span class='hidden'>\n\t\t\t\t<span class='av-structured-data'  itemprop=\"image\" itemscope=\"itemscope\" itemtype=\"https:\/\/schema.org\/ImageObject\" >\n\t\t\t\t\t\t<span itemprop='url'>https:\/\/chambrealfa.com\/wp-content\/uploads\/2024\/12\/2024-11-14-FIGA-portada.jpg<\/span>\n\t\t\t\t\t\t<span itemprop='height'>400<\/span>\n\t\t\t\t\t\t<span itemprop='width'>400<\/span>\n\t\t\t\t<\/span>\n\t\t\t\t<span class='av-structured-data'  itemprop=\"publisher\" itemtype=\"https:\/\/schema.org\/Organization\" itemscope=\"itemscope\" >\n\t\t\t\t\t\t<span itemprop='name'>Matias Mercado<\/span>\n\t\t\t\t\t\t<span itemprop='logo' itemscope itemtype='https:\/\/schema.org\/ImageObject'>\n\t\t\t\t\t\t\t<span itemprop='url'>http:\/\/chambrealfa.com\/wp-content\/uploads\/2021\/10\/logo-ALFA-header.png<\/span>\n\t\t\t\t\t\t<\/span>\n\t\t\t\t<\/span><span class='av-structured-data'  itemprop=\"author\" itemscope=\"itemscope\" itemtype=\"https:\/\/schema.org\/Person\" ><span itemprop='name'>Matias Mercado<\/span><\/span><span class='av-structured-data'  itemprop=\"datePublished\" datetime=\"2021-10-26T12:33:29+00:00\" >2024-11-14 22:41:49<\/span><span class='av-structured-data'  itemprop=\"dateModified\" itemtype=\"https:\/\/schema.org\/dateModified\" >2025-01-31 13:08:17<\/span><span class='av-structured-data'  itemprop=\"mainEntityOfPage\" itemtype=\"https:\/\/schema.org\/mainEntityOfPage\" ><span itemprop='name'>Webinario<\/span><\/span><\/span><\/article><article class='slide-entry flex_column  post-entry post-entry-2283 slide-entry-overview slide-loop-14 slide-parity-even  av_one_third  real-thumbnail posttype-post post-format-standard'  itemscope=\"itemscope\" itemtype=\"https:\/\/schema.org\/CreativeWork\" ><a href='https:\/\/chambrealfa.com\/es\/conferencia-forward\/' data-rel='slide-1' class='slide-image' title='Conferencia \u2013  En Forward Global'><img decoding=\"async\" fetchpriority=\"high\" width=\"400\" height=\"400\" src=\"https:\/\/chambrealfa.com\/wp-content\/uploads\/2024\/09\/Forward-caratula.jpg\" class=\"wp-image-2277 avia-img-lazy-loading-not-2277 attachment-portfolio size-portfolio wp-post-image\" alt=\"\" srcset=\"https:\/\/chambrealfa.com\/wp-content\/uploads\/2024\/09\/Forward-caratula.jpg 400w, https:\/\/chambrealfa.com\/wp-content\/uploads\/2024\/09\/Forward-caratula-300x300.jpg 300w, https:\/\/chambrealfa.com\/wp-content\/uploads\/2024\/09\/Forward-caratula-80x80.jpg 80w, https:\/\/chambrealfa.com\/wp-content\/uploads\/2024\/09\/Forward-caratula-36x36.jpg 36w, https:\/\/chambrealfa.com\/wp-content\/uploads\/2024\/09\/Forward-caratula-180x180.jpg 180w\" sizes=\"(max-width: 400px) 100vw, 400px\" \/><\/a><div class=\"slide-content\"><header class=\"entry-content-header\" aria-label=\"Slide: Conferencia \u2013  En Forward Global\"><h3 class='slide-entry-title entry-title '  itemprop=\"headline\" ><a href='https:\/\/chambrealfa.com\/es\/conferencia-forward\/' title='Conferencia \u2013  En Forward Global'>Conferencia \u2013  En Forward Global<\/a><\/h3><span class=\"av-vertical-delimiter\"><\/span><\/header><div class=\"slide-meta\"><time class='slide-meta-time updated'  itemprop=\"datePublished\" datetime=\"2024-10-09T16:36:41+00:00\" >09\/10\/2024<\/time><\/div><div class='slide-entry-excerpt entry-content'  itemprop=\"text\" >Javier Milei, une nouvelle Argentine? Quelles perspectives pour les entreprises fran\u00e7aises?<\/div><\/div><footer class=\"entry-footer\"><\/footer><span class='hidden'>\n\t\t\t\t<span class='av-structured-data'  itemprop=\"image\" itemscope=\"itemscope\" itemtype=\"https:\/\/schema.org\/ImageObject\" >\n\t\t\t\t\t\t<span itemprop='url'>https:\/\/chambrealfa.com\/wp-content\/uploads\/2024\/09\/Forward-caratula.jpg<\/span>\n\t\t\t\t\t\t<span itemprop='height'>400<\/span>\n\t\t\t\t\t\t<span itemprop='width'>400<\/span>\n\t\t\t\t<\/span>\n\t\t\t\t<span class='av-structured-data'  itemprop=\"publisher\" itemtype=\"https:\/\/schema.org\/Organization\" itemscope=\"itemscope\" >\n\t\t\t\t\t\t<span itemprop='name'>Matias Mercado<\/span>\n\t\t\t\t\t\t<span itemprop='logo' itemscope itemtype='https:\/\/schema.org\/ImageObject'>\n\t\t\t\t\t\t\t<span itemprop='url'>http:\/\/chambrealfa.com\/wp-content\/uploads\/2021\/10\/logo-ALFA-header.png<\/span>\n\t\t\t\t\t\t<\/span>\n\t\t\t\t<\/span><span class='av-structured-data'  itemprop=\"author\" itemscope=\"itemscope\" itemtype=\"https:\/\/schema.org\/Person\" ><span itemprop='name'>Matias Mercado<\/span><\/span><span class='av-structured-data'  itemprop=\"datePublished\" datetime=\"2021-10-26T12:33:29+00:00\" >2024-10-09 16:36:41<\/span><span class='av-structured-data'  itemprop=\"dateModified\" itemtype=\"https:\/\/schema.org\/dateModified\" >2024-10-28 10:14:46<\/span><span class='av-structured-data'  itemprop=\"mainEntityOfPage\" itemtype=\"https:\/\/schema.org\/mainEntityOfPage\" ><span itemprop='name'>Conferencia \u2013  En Forward Global<\/span><\/span><\/span><\/article><article class='slide-entry flex_column  post-entry post-entry-2268 slide-entry-overview slide-loop-15 slide-parity-odd  av_one_third  real-thumbnail posttype-post post-format-standard'  itemscope=\"itemscope\" itemtype=\"https:\/\/schema.org\/CreativeWork\" ><a href='https:\/\/chambrealfa.com\/es\/encuentro-polo-2\/' data-rel='slide-1' class='slide-image' title='Encuentro Polo'><img decoding=\"async\" fetchpriority=\"high\" width=\"495\" height=\"400\" src=\"https:\/\/chambrealfa.com\/wp-content\/uploads\/2024\/07\/portada-polo.jpg\" class=\"wp-image-2250 avia-img-lazy-loading-not-2250 attachment-portfolio size-portfolio wp-post-image\" alt=\"\" srcset=\"https:\/\/chambrealfa.com\/wp-content\/uploads\/2024\/07\/portada-polo.jpg 495w, https:\/\/chambrealfa.com\/wp-content\/uploads\/2024\/07\/portada-polo-300x242.jpg 300w\" sizes=\"(max-width: 495px) 100vw, 495px\" \/><\/a><div class=\"slide-content\"><header class=\"entry-content-header\" aria-label=\"Slide: Encuentro Polo\"><h3 class='slide-entry-title entry-title '  itemprop=\"headline\" ><a href='https:\/\/chambrealfa.com\/es\/encuentro-polo-2\/' title='Encuentro Polo'>Encuentro Polo<\/a><\/h3><span class=\"av-vertical-delimiter\"><\/span><\/header><div class=\"slide-meta\"><time class='slide-meta-time updated'  itemprop=\"datePublished\" datetime=\"2024-06-10T15:04:59+00:00\" >10\/06\/2024<\/time><\/div><div class='slide-entry-excerpt entry-content'  itemprop=\"text\" >D\u00eda y Torneo Polo Chantilly.<\/div><\/div><footer class=\"entry-footer\"><\/footer><span class='hidden'>\n\t\t\t\t<span class='av-structured-data'  itemprop=\"image\" itemscope=\"itemscope\" itemtype=\"https:\/\/schema.org\/ImageObject\" >\n\t\t\t\t\t\t<span itemprop='url'>https:\/\/chambrealfa.com\/wp-content\/uploads\/2024\/07\/portada-polo.jpg<\/span>\n\t\t\t\t\t\t<span itemprop='height'>400<\/span>\n\t\t\t\t\t\t<span itemprop='width'>495<\/span>\n\t\t\t\t<\/span>\n\t\t\t\t<span class='av-structured-data'  itemprop=\"publisher\" itemtype=\"https:\/\/schema.org\/Organization\" itemscope=\"itemscope\" >\n\t\t\t\t\t\t<span itemprop='name'>Matias Mercado<\/span>\n\t\t\t\t\t\t<span itemprop='logo' itemscope itemtype='https:\/\/schema.org\/ImageObject'>\n\t\t\t\t\t\t\t<span itemprop='url'>http:\/\/chambrealfa.com\/wp-content\/uploads\/2021\/10\/logo-ALFA-header.png<\/span>\n\t\t\t\t\t\t<\/span>\n\t\t\t\t<\/span><span class='av-structured-data'  itemprop=\"author\" itemscope=\"itemscope\" itemtype=\"https:\/\/schema.org\/Person\" ><span itemprop='name'>Matias Mercado<\/span><\/span><span class='av-structured-data'  itemprop=\"datePublished\" datetime=\"2021-10-26T12:33:29+00:00\" >2024-06-10 15:04:59<\/span><span class='av-structured-data'  itemprop=\"dateModified\" itemtype=\"https:\/\/schema.org\/dateModified\" >2025-04-02 14:38:16<\/span><span class='av-structured-data'  itemprop=\"mainEntityOfPage\" itemtype=\"https:\/\/schema.org\/mainEntityOfPage\" ><span itemprop='name'>Encuentro Polo<\/span><\/span><\/span><\/article><\/div><div class=\"slide-entry-wrap\"><article class='slide-entry flex_column  post-entry post-entry-2204 slide-entry-overview slide-loop-16 slide-parity-odd  av_one_third first real-thumbnail posttype-post post-format-standard'  itemscope=\"itemscope\" itemtype=\"https:\/\/schema.org\/CreativeWork\" ><a href='https:\/\/chambrealfa.com\/es\/conferencia-el-sur\/' data-rel='slide-1' class='slide-image' title='Conferencia &#8211; Caf\u00e9 El Sur'><img decoding=\"async\" fetchpriority=\"high\" width=\"495\" height=\"400\" src=\"https:\/\/chambrealfa.com\/wp-content\/uploads\/2024\/04\/100-jours.jpg\" class=\"wp-image-2209 avia-img-lazy-loading-not-2209 attachment-portfolio size-portfolio wp-post-image\" alt=\"\" srcset=\"https:\/\/chambrealfa.com\/wp-content\/uploads\/2024\/04\/100-jours.jpg 495w, https:\/\/chambrealfa.com\/wp-content\/uploads\/2024\/04\/100-jours-300x242.jpg 300w\" sizes=\"(max-width: 495px) 100vw, 495px\" \/><\/a><div class=\"slide-content\"><header class=\"entry-content-header\" aria-label=\"Slide: Conferencia - Caf\u00e9 El Sur\"><h3 class='slide-entry-title entry-title '  itemprop=\"headline\" ><a href='https:\/\/chambrealfa.com\/es\/conferencia-el-sur\/' title='Conferencia &#8211; Caf\u00e9 El Sur'>Conferencia &#8211; Caf\u00e9 El Sur<\/a><\/h3><span class=\"av-vertical-delimiter\"><\/span><\/header><div class=\"slide-meta\"><time class='slide-meta-time updated'  itemprop=\"datePublished\" datetime=\"2024-04-25T17:03:14+00:00\" >25\/04\/2024<\/time><\/div><div class='slide-entry-excerpt entry-content'  itemprop=\"text\" >Los 100 primeros d\u00edas de Javier Milei.<\/div><\/div><footer class=\"entry-footer\"><\/footer><span class='hidden'>\n\t\t\t\t<span class='av-structured-data'  itemprop=\"image\" itemscope=\"itemscope\" itemtype=\"https:\/\/schema.org\/ImageObject\" >\n\t\t\t\t\t\t<span itemprop='url'>https:\/\/chambrealfa.com\/wp-content\/uploads\/2024\/04\/100-jours.jpg<\/span>\n\t\t\t\t\t\t<span itemprop='height'>400<\/span>\n\t\t\t\t\t\t<span itemprop='width'>495<\/span>\n\t\t\t\t<\/span>\n\t\t\t\t<span class='av-structured-data'  itemprop=\"publisher\" itemtype=\"https:\/\/schema.org\/Organization\" itemscope=\"itemscope\" >\n\t\t\t\t\t\t<span itemprop='name'>Matias Mercado<\/span>\n\t\t\t\t\t\t<span itemprop='logo' itemscope itemtype='https:\/\/schema.org\/ImageObject'>\n\t\t\t\t\t\t\t<span itemprop='url'>http:\/\/chambrealfa.com\/wp-content\/uploads\/2021\/10\/logo-ALFA-header.png<\/span>\n\t\t\t\t\t\t<\/span>\n\t\t\t\t<\/span><span class='av-structured-data'  itemprop=\"author\" itemscope=\"itemscope\" itemtype=\"https:\/\/schema.org\/Person\" ><span itemprop='name'>Matias Mercado<\/span><\/span><span class='av-structured-data'  itemprop=\"datePublished\" datetime=\"2021-10-26T12:33:29+00:00\" >2024-04-25 17:03:14<\/span><span class='av-structured-data'  itemprop=\"dateModified\" itemtype=\"https:\/\/schema.org\/dateModified\" >2024-05-24 22:42:49<\/span><span class='av-structured-data'  itemprop=\"mainEntityOfPage\" itemtype=\"https:\/\/schema.org\/mainEntityOfPage\" ><span itemprop='name'>Conferencia &#8211; Caf\u00e9 El Sur<\/span><\/span><\/span><\/article><article class='slide-entry flex_column  post-entry post-entry-2180 slide-entry-overview slide-loop-17 slide-parity-even  av_one_third  real-thumbnail posttype-post post-format-standard'  itemscope=\"itemscope\" itemtype=\"https:\/\/schema.org\/CreativeWork\" ><a href='https:\/\/chambrealfa.com\/es\/conferencia-cafe-el-sur\/' data-rel='slide-1' class='slide-image' title='Conferencia \u2013 Caf\u00e9 El Sur'><img decoding=\"async\" fetchpriority=\"high\" width=\"495\" height=\"400\" src=\"https:\/\/chambrealfa.com\/wp-content\/uploads\/2024\/04\/Portada-Eleonore-Caroit.jpg\" class=\"wp-image-2186 avia-img-lazy-loading-not-2186 attachment-portfolio size-portfolio wp-post-image\" alt=\"\" srcset=\"https:\/\/chambrealfa.com\/wp-content\/uploads\/2024\/04\/Portada-Eleonore-Caroit.jpg 495w, https:\/\/chambrealfa.com\/wp-content\/uploads\/2024\/04\/Portada-Eleonore-Caroit-300x242.jpg 300w\" sizes=\"(max-width: 495px) 100vw, 495px\" \/><\/a><div class=\"slide-content\"><header class=\"entry-content-header\" aria-label=\"Slide: Conferencia \u2013 Caf\u00e9 El Sur\"><h3 class='slide-entry-title entry-title '  itemprop=\"headline\" ><a href='https:\/\/chambrealfa.com\/es\/conferencia-cafe-el-sur\/' title='Conferencia \u2013 Caf\u00e9 El Sur'>Conferencia \u2013 Caf\u00e9 El Sur<\/a><\/h3><span class=\"av-vertical-delimiter\"><\/span><\/header><div class=\"slide-meta\"><time class='slide-meta-time updated'  itemprop=\"datePublished\" datetime=\"2024-04-04T15:32:01+00:00\" >04\/04\/2024<\/time><\/div><div class='slide-entry-excerpt entry-content'  itemprop=\"text\" >Entrepreneurs fran\u00e7ais et argentins: le regard et le soutien de notre d\u00e9put\u00e9e Eleonore Caroit.<\/div><\/div><footer class=\"entry-footer\"><\/footer><span class='hidden'>\n\t\t\t\t<span class='av-structured-data'  itemprop=\"image\" itemscope=\"itemscope\" itemtype=\"https:\/\/schema.org\/ImageObject\" >\n\t\t\t\t\t\t<span itemprop='url'>https:\/\/chambrealfa.com\/wp-content\/uploads\/2024\/04\/Portada-Eleonore-Caroit.jpg<\/span>\n\t\t\t\t\t\t<span itemprop='height'>400<\/span>\n\t\t\t\t\t\t<span itemprop='width'>495<\/span>\n\t\t\t\t<\/span>\n\t\t\t\t<span class='av-structured-data'  itemprop=\"publisher\" itemtype=\"https:\/\/schema.org\/Organization\" itemscope=\"itemscope\" >\n\t\t\t\t\t\t<span itemprop='name'>Matias Mercado<\/span>\n\t\t\t\t\t\t<span itemprop='logo' itemscope itemtype='https:\/\/schema.org\/ImageObject'>\n\t\t\t\t\t\t\t<span itemprop='url'>http:\/\/chambrealfa.com\/wp-content\/uploads\/2021\/10\/logo-ALFA-header.png<\/span>\n\t\t\t\t\t\t<\/span>\n\t\t\t\t<\/span><span class='av-structured-data'  itemprop=\"author\" itemscope=\"itemscope\" itemtype=\"https:\/\/schema.org\/Person\" ><span itemprop='name'>Matias Mercado<\/span><\/span><span class='av-structured-data'  itemprop=\"datePublished\" datetime=\"2021-10-26T12:33:29+00:00\" >2024-04-04 15:32:01<\/span><span class='av-structured-data'  itemprop=\"dateModified\" itemtype=\"https:\/\/schema.org\/dateModified\" >2024-04-05 15:35:36<\/span><span class='av-structured-data'  itemprop=\"mainEntityOfPage\" itemtype=\"https:\/\/schema.org\/mainEntityOfPage\" ><span itemprop='name'>Conferencia \u2013 Caf\u00e9 El Sur<\/span><\/span><\/span><\/article><article class='slide-entry flex_column  post-entry post-entry-2150 slide-entry-overview slide-loop-18 slide-parity-odd  av_one_third  real-thumbnail posttype-post post-format-standard'  itemscope=\"itemscope\" itemtype=\"https:\/\/schema.org\/CreativeWork\" ><a href='https:\/\/chambrealfa.com\/es\/webinar-expansion-pymes\/' data-rel='slide-1' class='slide-image' title='Webinar'><img decoding=\"async\" fetchpriority=\"high\" width=\"400\" height=\"400\" src=\"https:\/\/chambrealfa.com\/wp-content\/uploads\/2025\/05\/2024.03.14-ALFA-WEBINAR-avec-logos-portada-2.jpg\" class=\"wp-image-2626 avia-img-lazy-loading-not-2626 attachment-portfolio size-portfolio wp-post-image\" alt=\"\" srcset=\"https:\/\/chambrealfa.com\/wp-content\/uploads\/2025\/05\/2024.03.14-ALFA-WEBINAR-avec-logos-portada-2.jpg 400w, https:\/\/chambrealfa.com\/wp-content\/uploads\/2025\/05\/2024.03.14-ALFA-WEBINAR-avec-logos-portada-2-300x300.jpg 300w, https:\/\/chambrealfa.com\/wp-content\/uploads\/2025\/05\/2024.03.14-ALFA-WEBINAR-avec-logos-portada-2-80x80.jpg 80w, https:\/\/chambrealfa.com\/wp-content\/uploads\/2025\/05\/2024.03.14-ALFA-WEBINAR-avec-logos-portada-2-36x36.jpg 36w, https:\/\/chambrealfa.com\/wp-content\/uploads\/2025\/05\/2024.03.14-ALFA-WEBINAR-avec-logos-portada-2-180x180.jpg 180w\" sizes=\"(max-width: 400px) 100vw, 400px\" \/><\/a><div class=\"slide-content\"><header class=\"entry-content-header\" aria-label=\"Slide: Webinar\"><h3 class='slide-entry-title entry-title '  itemprop=\"headline\" ><a href='https:\/\/chambrealfa.com\/es\/webinar-expansion-pymes\/' title='Webinar'>Webinar<\/a><\/h3><span class=\"av-vertical-delimiter\"><\/span><\/header><div class=\"slide-meta\"><time class='slide-meta-time updated'  itemprop=\"datePublished\" datetime=\"2024-03-14T14:48:41+00:00\" >14\/03\/2024<\/time><\/div><div class='slide-entry-excerpt entry-content'  itemprop=\"text\" >Oportunidades de expansi\u00f3n para PyMEs argentinas en Francia<\/div><\/div><footer class=\"entry-footer\"><\/footer><span class='hidden'>\n\t\t\t\t<span class='av-structured-data'  itemprop=\"image\" itemscope=\"itemscope\" itemtype=\"https:\/\/schema.org\/ImageObject\" >\n\t\t\t\t\t\t<span itemprop='url'>https:\/\/chambrealfa.com\/wp-content\/uploads\/2025\/05\/2024.03.14-ALFA-WEBINAR-avec-logos-portada-2.jpg<\/span>\n\t\t\t\t\t\t<span itemprop='height'>400<\/span>\n\t\t\t\t\t\t<span itemprop='width'>400<\/span>\n\t\t\t\t<\/span>\n\t\t\t\t<span class='av-structured-data'  itemprop=\"publisher\" itemtype=\"https:\/\/schema.org\/Organization\" itemscope=\"itemscope\" >\n\t\t\t\t\t\t<span itemprop='name'>Matias Mercado<\/span>\n\t\t\t\t\t\t<span itemprop='logo' itemscope itemtype='https:\/\/schema.org\/ImageObject'>\n\t\t\t\t\t\t\t<span itemprop='url'>http:\/\/chambrealfa.com\/wp-content\/uploads\/2021\/10\/logo-ALFA-header.png<\/span>\n\t\t\t\t\t\t<\/span>\n\t\t\t\t<\/span><span class='av-structured-data'  itemprop=\"author\" itemscope=\"itemscope\" itemtype=\"https:\/\/schema.org\/Person\" ><span itemprop='name'>Matias Mercado<\/span><\/span><span class='av-structured-data'  itemprop=\"datePublished\" datetime=\"2021-10-26T12:33:29+00:00\" >2024-03-14 14:48:41<\/span><span class='av-structured-data'  itemprop=\"dateModified\" itemtype=\"https:\/\/schema.org\/dateModified\" >2025-05-27 15:42:35<\/span><span class='av-structured-data'  itemprop=\"mainEntityOfPage\" itemtype=\"https:\/\/schema.org\/mainEntityOfPage\" ><span itemprop='name'>Webinar<\/span><\/span><\/span><\/article><\/div><div class=\"slide-entry-wrap\"><article class='slide-entry flex_column  post-entry post-entry-2141 slide-entry-overview slide-loop-19 slide-parity-odd  av_one_third first real-thumbnail posttype-post post-format-standard'  itemscope=\"itemscope\" itemtype=\"https:\/\/schema.org\/CreativeWork\" ><a href='https:\/\/chambrealfa.com\/es\/evento-privado-galerie-artivistas\/' data-rel='slide-1' class='slide-image' title='Evento privado \u2013  Galer\u00eda Artivistas'><img decoding=\"async\" fetchpriority=\"high\" width=\"495\" height=\"400\" src=\"https:\/\/chambrealfa.com\/wp-content\/uploads\/2024\/04\/2024.01.24-ALFA-Nouvelle-annee-portada.jpg\" class=\"wp-image-2132 avia-img-lazy-loading-not-2132 attachment-portfolio size-portfolio wp-post-image\" alt=\"\" srcset=\"https:\/\/chambrealfa.com\/wp-content\/uploads\/2024\/04\/2024.01.24-ALFA-Nouvelle-annee-portada.jpg 495w, https:\/\/chambrealfa.com\/wp-content\/uploads\/2024\/04\/2024.01.24-ALFA-Nouvelle-annee-portada-300x242.jpg 300w\" sizes=\"(max-width: 495px) 100vw, 495px\" \/><\/a><div class=\"slide-content\"><header class=\"entry-content-header\" aria-label=\"Slide: Evento privado \u2013  Galer\u00eda Artivistas\"><h3 class='slide-entry-title entry-title '  itemprop=\"headline\" ><a href='https:\/\/chambrealfa.com\/es\/evento-privado-galerie-artivistas\/' title='Evento privado \u2013  Galer\u00eda Artivistas'>Evento privado \u2013  Galer\u00eda Artivistas<\/a><\/h3><span class=\"av-vertical-delimiter\"><\/span><\/header><div class=\"slide-meta\"><time class='slide-meta-time updated'  itemprop=\"datePublished\" datetime=\"2024-01-24T14:41:54+00:00\" >24\/01\/2024<\/time><\/div><div class='slide-entry-excerpt entry-content'  itemprop=\"text\" >Festejo del a\u00f1o nuevo<\/div><\/div><footer class=\"entry-footer\"><\/footer><span class='hidden'>\n\t\t\t\t<span class='av-structured-data'  itemprop=\"image\" itemscope=\"itemscope\" itemtype=\"https:\/\/schema.org\/ImageObject\" >\n\t\t\t\t\t\t<span itemprop='url'>https:\/\/chambrealfa.com\/wp-content\/uploads\/2024\/04\/2024.01.24-ALFA-Nouvelle-annee-portada.jpg<\/span>\n\t\t\t\t\t\t<span itemprop='height'>400<\/span>\n\t\t\t\t\t\t<span itemprop='width'>495<\/span>\n\t\t\t\t<\/span>\n\t\t\t\t<span class='av-structured-data'  itemprop=\"publisher\" itemtype=\"https:\/\/schema.org\/Organization\" itemscope=\"itemscope\" >\n\t\t\t\t\t\t<span itemprop='name'>Matias Mercado<\/span>\n\t\t\t\t\t\t<span itemprop='logo' itemscope itemtype='https:\/\/schema.org\/ImageObject'>\n\t\t\t\t\t\t\t<span itemprop='url'>http:\/\/chambrealfa.com\/wp-content\/uploads\/2021\/10\/logo-ALFA-header.png<\/span>\n\t\t\t\t\t\t<\/span>\n\t\t\t\t<\/span><span class='av-structured-data'  itemprop=\"author\" itemscope=\"itemscope\" itemtype=\"https:\/\/schema.org\/Person\" ><span itemprop='name'>Matias Mercado<\/span><\/span><span class='av-structured-data'  itemprop=\"datePublished\" datetime=\"2021-10-26T12:33:29+00:00\" >2024-01-24 14:41:54<\/span><span class='av-structured-data'  itemprop=\"dateModified\" itemtype=\"https:\/\/schema.org\/dateModified\" >2024-04-03 14:52:28<\/span><span class='av-structured-data'  itemprop=\"mainEntityOfPage\" itemtype=\"https:\/\/schema.org\/mainEntityOfPage\" ><span itemprop='name'>Evento privado \u2013  Galer\u00eda Artivistas<\/span><\/span><\/span><\/article><article class='slide-entry flex_column  post-entry post-entry-2031 slide-entry-overview slide-loop-20 slide-parity-even  av_one_third  real-thumbnail posttype-post post-format-standard'  itemscope=\"itemscope\" itemtype=\"https:\/\/schema.org\/CreativeWork\" ><a href='https:\/\/chambrealfa.com\/es\/charla-cafe-el-sur-4\/' data-rel='slide-1' class='slide-image' title='Charla \u2013  Caf\u00e9 El Sur'><img decoding=\"async\" fetchpriority=\"high\" width=\"495\" height=\"400\" src=\"https:\/\/chambrealfa.com\/wp-content\/uploads\/2024\/01\/Vela-Torija-Portada.jpg\" class=\"wp-image-2020 avia-img-lazy-loading-not-2020 attachment-portfolio size-portfolio wp-post-image\" alt=\"\" srcset=\"https:\/\/chambrealfa.com\/wp-content\/uploads\/2024\/01\/Vela-Torija-Portada.jpg 495w, https:\/\/chambrealfa.com\/wp-content\/uploads\/2024\/01\/Vela-Torija-Portada-300x242.jpg 300w\" sizes=\"(max-width: 495px) 100vw, 495px\" \/><\/a><div class=\"slide-content\"><header class=\"entry-content-header\" aria-label=\"Slide: Charla \u2013  Caf\u00e9 El Sur\"><h3 class='slide-entry-title entry-title '  itemprop=\"headline\" ><a href='https:\/\/chambrealfa.com\/es\/charla-cafe-el-sur-4\/' title='Charla \u2013  Caf\u00e9 El Sur'>Charla \u2013  Caf\u00e9 El Sur<\/a><\/h3><span class=\"av-vertical-delimiter\"><\/span><\/header><div class=\"slide-meta\"><time class='slide-meta-time updated'  itemprop=\"datePublished\" datetime=\"2023-11-13T18:05:00+00:00\" >13\/11\/2023<\/time><\/div><div class='slide-entry-excerpt entry-content'  itemprop=\"text\" >La econom\u00eda argentina : \u00bfQu\u00e9 escenarios post elecciones?<\/div><\/div><footer class=\"entry-footer\"><\/footer><span class='hidden'>\n\t\t\t\t<span class='av-structured-data'  itemprop=\"image\" itemscope=\"itemscope\" itemtype=\"https:\/\/schema.org\/ImageObject\" >\n\t\t\t\t\t\t<span itemprop='url'>https:\/\/chambrealfa.com\/wp-content\/uploads\/2024\/01\/Vela-Torija-Portada.jpg<\/span>\n\t\t\t\t\t\t<span itemprop='height'>400<\/span>\n\t\t\t\t\t\t<span itemprop='width'>495<\/span>\n\t\t\t\t<\/span>\n\t\t\t\t<span class='av-structured-data'  itemprop=\"publisher\" itemtype=\"https:\/\/schema.org\/Organization\" itemscope=\"itemscope\" >\n\t\t\t\t\t\t<span itemprop='name'>Matias Mercado<\/span>\n\t\t\t\t\t\t<span itemprop='logo' itemscope itemtype='https:\/\/schema.org\/ImageObject'>\n\t\t\t\t\t\t\t<span itemprop='url'>http:\/\/chambrealfa.com\/wp-content\/uploads\/2021\/10\/logo-ALFA-header.png<\/span>\n\t\t\t\t\t\t<\/span>\n\t\t\t\t<\/span><span class='av-structured-data'  itemprop=\"author\" itemscope=\"itemscope\" itemtype=\"https:\/\/schema.org\/Person\" ><span itemprop='name'>Matias Mercado<\/span><\/span><span class='av-structured-data'  itemprop=\"datePublished\" datetime=\"2021-10-26T12:33:29+00:00\" >2023-11-13 18:05:00<\/span><span class='av-structured-data'  itemprop=\"dateModified\" itemtype=\"https:\/\/schema.org\/dateModified\" >2024-01-15 18:40:39<\/span><span class='av-structured-data'  itemprop=\"mainEntityOfPage\" itemtype=\"https:\/\/schema.org\/mainEntityOfPage\" ><span itemprop='name'>Charla \u2013  Caf\u00e9 El Sur<\/span><\/span><\/span><\/article><article class='slide-entry flex_column  post-entry post-entry-2001 slide-entry-overview slide-loop-21 slide-parity-odd  av_one_third  real-thumbnail posttype-post post-format-standard'  itemscope=\"itemscope\" itemtype=\"https:\/\/schema.org\/CreativeWork\" ><a href='https:\/\/chambrealfa.com\/es\/charla-cafe-el-sur-3\/' data-rel='slide-1' class='slide-image' title='Charla \u2013  Caf\u00e9 El Sur'><img decoding=\"async\" fetchpriority=\"high\" width=\"495\" height=\"400\" src=\"https:\/\/chambrealfa.com\/wp-content\/uploads\/2023\/11\/Portada-Quesada-copy.jpg\" class=\"wp-image-1989 avia-img-lazy-loading-not-1989 attachment-portfolio size-portfolio wp-post-image\" alt=\"\" srcset=\"https:\/\/chambrealfa.com\/wp-content\/uploads\/2023\/11\/Portada-Quesada-copy.jpg 495w, https:\/\/chambrealfa.com\/wp-content\/uploads\/2023\/11\/Portada-Quesada-copy-300x242.jpg 300w\" sizes=\"(max-width: 495px) 100vw, 495px\" \/><\/a><div class=\"slide-content\"><header class=\"entry-content-header\" aria-label=\"Slide: Charla \u2013  Caf\u00e9 El Sur\"><h3 class='slide-entry-title entry-title '  itemprop=\"headline\" ><a href='https:\/\/chambrealfa.com\/es\/charla-cafe-el-sur-3\/' title='Charla \u2013  Caf\u00e9 El Sur'>Charla \u2013  Caf\u00e9 El Sur<\/a><\/h3><span class=\"av-vertical-delimiter\"><\/span><\/header><div class=\"slide-meta\"><time class='slide-meta-time updated'  itemprop=\"datePublished\" datetime=\"2023-10-18T20:08:48+00:00\" >18\/10\/2023<\/time><\/div><div class='slide-entry-excerpt entry-content'  itemprop=\"text\" >Rugby, management & leadership, la construction et la gestion d'\u00e9quipes<\/div><\/div><footer class=\"entry-footer\"><\/footer><span class='hidden'>\n\t\t\t\t<span class='av-structured-data'  itemprop=\"image\" itemscope=\"itemscope\" itemtype=\"https:\/\/schema.org\/ImageObject\" >\n\t\t\t\t\t\t<span itemprop='url'>https:\/\/chambrealfa.com\/wp-content\/uploads\/2023\/11\/Portada-Quesada-copy.jpg<\/span>\n\t\t\t\t\t\t<span itemprop='height'>400<\/span>\n\t\t\t\t\t\t<span itemprop='width'>495<\/span>\n\t\t\t\t<\/span>\n\t\t\t\t<span class='av-structured-data'  itemprop=\"publisher\" itemtype=\"https:\/\/schema.org\/Organization\" itemscope=\"itemscope\" >\n\t\t\t\t\t\t<span itemprop='name'>Matias Mercado<\/span>\n\t\t\t\t\t\t<span itemprop='logo' itemscope itemtype='https:\/\/schema.org\/ImageObject'>\n\t\t\t\t\t\t\t<span itemprop='url'>http:\/\/chambrealfa.com\/wp-content\/uploads\/2021\/10\/logo-ALFA-header.png<\/span>\n\t\t\t\t\t\t<\/span>\n\t\t\t\t<\/span><span class='av-structured-data'  itemprop=\"author\" itemscope=\"itemscope\" itemtype=\"https:\/\/schema.org\/Person\" ><span itemprop='name'>Matias Mercado<\/span><\/span><span class='av-structured-data'  itemprop=\"datePublished\" datetime=\"2021-10-26T12:33:29+00:00\" >2023-10-18 20:08:48<\/span><span class='av-structured-data'  itemprop=\"dateModified\" itemtype=\"https:\/\/schema.org\/dateModified\" >2023-11-14 20:09:01<\/span><span class='av-structured-data'  itemprop=\"mainEntityOfPage\" itemtype=\"https:\/\/schema.org\/mainEntityOfPage\" ><span itemprop='name'>Charla \u2013  Caf\u00e9 El Sur<\/span><\/span><\/span><\/article><\/div><div class=\"slide-entry-wrap\"><article class='slide-entry flex_column  post-entry post-entry-1970 slide-entry-overview slide-loop-22 slide-parity-odd  av_one_third first real-thumbnail posttype-post post-format-standard'  itemscope=\"itemscope\" itemtype=\"https:\/\/schema.org\/CreativeWork\" ><a href='https:\/\/chambrealfa.com\/es\/que-lugar-ocupa-el-vino-argentino\/' data-rel='slide-1' class='slide-image' title='Webinar'><img decoding=\"async\" fetchpriority=\"high\" width=\"495\" height=\"400\" src=\"https:\/\/chambrealfa.com\/wp-content\/uploads\/2023\/09\/Vino-portada.jpg\" class=\"wp-image-1981 avia-img-lazy-loading-not-1981 attachment-portfolio size-portfolio wp-post-image\" alt=\"\" srcset=\"https:\/\/chambrealfa.com\/wp-content\/uploads\/2023\/09\/Vino-portada.jpg 495w, https:\/\/chambrealfa.com\/wp-content\/uploads\/2023\/09\/Vino-portada-300x242.jpg 300w\" sizes=\"(max-width: 495px) 100vw, 495px\" \/><\/a><div class=\"slide-content\"><header class=\"entry-content-header\" aria-label=\"Slide: Webinar\"><h3 class='slide-entry-title entry-title '  itemprop=\"headline\" ><a href='https:\/\/chambrealfa.com\/es\/que-lugar-ocupa-el-vino-argentino\/' title='Webinar'>Webinar<\/a><\/h3><span class=\"av-vertical-delimiter\"><\/span><\/header><div class=\"slide-meta\"><time class='slide-meta-time updated'  itemprop=\"datePublished\" datetime=\"2023-09-26T17:04:41+00:00\" >26\/09\/2023<\/time><\/div><div class='slide-entry-excerpt entry-content'  itemprop=\"text\" >\u00bfQu\u00e9 lugar ocupa el vino argentino en el mundo?<\/div><\/div><footer class=\"entry-footer\"><\/footer><span class='hidden'>\n\t\t\t\t<span class='av-structured-data'  itemprop=\"image\" itemscope=\"itemscope\" itemtype=\"https:\/\/schema.org\/ImageObject\" >\n\t\t\t\t\t\t<span itemprop='url'>https:\/\/chambrealfa.com\/wp-content\/uploads\/2023\/09\/Vino-portada.jpg<\/span>\n\t\t\t\t\t\t<span itemprop='height'>400<\/span>\n\t\t\t\t\t\t<span itemprop='width'>495<\/span>\n\t\t\t\t<\/span>\n\t\t\t\t<span class='av-structured-data'  itemprop=\"publisher\" itemtype=\"https:\/\/schema.org\/Organization\" itemscope=\"itemscope\" >\n\t\t\t\t\t\t<span itemprop='name'>Matias Mercado<\/span>\n\t\t\t\t\t\t<span itemprop='logo' itemscope itemtype='https:\/\/schema.org\/ImageObject'>\n\t\t\t\t\t\t\t<span itemprop='url'>http:\/\/chambrealfa.com\/wp-content\/uploads\/2021\/10\/logo-ALFA-header.png<\/span>\n\t\t\t\t\t\t<\/span>\n\t\t\t\t<\/span><span class='av-structured-data'  itemprop=\"author\" itemscope=\"itemscope\" itemtype=\"https:\/\/schema.org\/Person\" ><span itemprop='name'>Matias Mercado<\/span><\/span><span class='av-structured-data'  itemprop=\"datePublished\" datetime=\"2021-10-26T12:33:29+00:00\" >2023-09-26 17:04:41<\/span><span class='av-structured-data'  itemprop=\"dateModified\" itemtype=\"https:\/\/schema.org\/dateModified\" >2023-10-23 17:12:05<\/span><span class='av-structured-data'  itemprop=\"mainEntityOfPage\" itemtype=\"https:\/\/schema.org\/mainEntityOfPage\" ><span itemprop='name'>Webinar<\/span><\/span><\/span><\/article><article class='slide-entry flex_column  post-entry post-entry-1824 slide-entry-overview slide-loop-23 slide-parity-even  av_one_third  real-thumbnail posttype-post post-format-standard'  itemscope=\"itemscope\" itemtype=\"https:\/\/schema.org\/CreativeWork\" ><a href='https:\/\/chambrealfa.com\/es\/charla-escp-republique-2\/' data-rel='slide-1' class='slide-image' title='Charla \u2013  ESCP R\u00e9publique'><img decoding=\"async\" fetchpriority=\"high\" width=\"495\" height=\"400\" src=\"https:\/\/chambrealfa.com\/wp-content\/uploads\/2023\/04\/Elizondo-portada-495x400.jpg\" class=\"wp-image-1832 avia-img-lazy-loading-not-1832 attachment-portfolio size-portfolio wp-post-image\" alt=\"\" srcset=\"https:\/\/chambrealfa.com\/wp-content\/uploads\/2023\/04\/Elizondo-portada.jpg 495w, https:\/\/chambrealfa.com\/wp-content\/uploads\/2023\/04\/Elizondo-portada-300x242.jpg 300w\" sizes=\"(max-width: 495px) 100vw, 495px\" \/><\/a><div class=\"slide-content\"><header class=\"entry-content-header\" aria-label=\"Slide: Charla \u2013  ESCP R\u00e9publique\"><h3 class='slide-entry-title entry-title '  itemprop=\"headline\" ><a href='https:\/\/chambrealfa.com\/es\/charla-escp-republique-2\/' title='Charla \u2013  ESCP R\u00e9publique'>Charla \u2013  ESCP R\u00e9publique<\/a><\/h3><span class=\"av-vertical-delimiter\"><\/span><\/header><div class=\"slide-meta\"><time class='slide-meta-time updated'  itemprop=\"datePublished\" datetime=\"2023-06-16T16:42:19+00:00\" >16\/06\/2023<\/time><\/div><div class='slide-entry-excerpt entry-content'  itemprop=\"text\" >\"Argentina 2024: perspectivas econ\u00f3micas y oportunidades para el sector empresarial\"<\/div><\/div><footer class=\"entry-footer\"><\/footer><span class='hidden'>\n\t\t\t\t<span class='av-structured-data'  itemprop=\"image\" itemscope=\"itemscope\" itemtype=\"https:\/\/schema.org\/ImageObject\" >\n\t\t\t\t\t\t<span itemprop='url'>https:\/\/chambrealfa.com\/wp-content\/uploads\/2023\/04\/Elizondo-portada.jpg<\/span>\n\t\t\t\t\t\t<span itemprop='height'>400<\/span>\n\t\t\t\t\t\t<span itemprop='width'>495<\/span>\n\t\t\t\t<\/span>\n\t\t\t\t<span class='av-structured-data'  itemprop=\"publisher\" itemtype=\"https:\/\/schema.org\/Organization\" itemscope=\"itemscope\" >\n\t\t\t\t\t\t<span itemprop='name'>Matias Mercado<\/span>\n\t\t\t\t\t\t<span itemprop='logo' itemscope itemtype='https:\/\/schema.org\/ImageObject'>\n\t\t\t\t\t\t\t<span itemprop='url'>http:\/\/chambrealfa.com\/wp-content\/uploads\/2021\/10\/logo-ALFA-header.png<\/span>\n\t\t\t\t\t\t<\/span>\n\t\t\t\t<\/span><span class='av-structured-data'  itemprop=\"author\" itemscope=\"itemscope\" itemtype=\"https:\/\/schema.org\/Person\" ><span itemprop='name'>Matias Mercado<\/span><\/span><span class='av-structured-data'  itemprop=\"datePublished\" datetime=\"2021-10-26T12:33:29+00:00\" >2023-06-16 16:42:19<\/span><span class='av-structured-data'  itemprop=\"dateModified\" itemtype=\"https:\/\/schema.org\/dateModified\" >2023-07-10 16:46:34<\/span><span class='av-structured-data'  itemprop=\"mainEntityOfPage\" itemtype=\"https:\/\/schema.org\/mainEntityOfPage\" ><span itemprop='name'>Charla \u2013  ESCP R\u00e9publique<\/span><\/span><\/span><\/article><article class='slide-entry flex_column  post-entry post-entry-1819 slide-entry-overview slide-loop-24 slide-parity-odd  av_one_third  real-thumbnail posttype-post post-format-standard'  itemscope=\"itemscope\" itemtype=\"https:\/\/schema.org\/CreativeWork\" ><a href='https:\/\/chambrealfa.com\/es\/encuentro-polo\/' data-rel='slide-1' class='slide-image' title='Encuentro Polo'><img decoding=\"async\" fetchpriority=\"high\" width=\"495\" height=\"400\" src=\"https:\/\/chambrealfa.com\/wp-content\/uploads\/2023\/06\/Polo-portada-495x400.jpg\" class=\"wp-image-1835 avia-img-lazy-loading-not-1835 attachment-portfolio size-portfolio wp-post-image\" alt=\"\" srcset=\"https:\/\/chambrealfa.com\/wp-content\/uploads\/2023\/06\/Polo-portada.jpg 495w, https:\/\/chambrealfa.com\/wp-content\/uploads\/2023\/06\/Polo-portada-300x242.jpg 300w\" sizes=\"(max-width: 495px) 100vw, 495px\" \/><\/a><div class=\"slide-content\"><header class=\"entry-content-header\" aria-label=\"Slide: Encuentro Polo\"><h3 class='slide-entry-title entry-title '  itemprop=\"headline\" ><a href='https:\/\/chambrealfa.com\/es\/encuentro-polo\/' title='Encuentro Polo'>Encuentro Polo<\/a><\/h3><span class=\"av-vertical-delimiter\"><\/span><\/header><div class=\"slide-meta\"><time class='slide-meta-time updated'  itemprop=\"datePublished\" datetime=\"2023-06-10T16:38:10+00:00\" >10\/06\/2023<\/time><\/div><div class='slide-entry-excerpt entry-content'  itemprop=\"text\" >D\u00eda y Torneo Polo Chantilly<\/div><\/div><footer class=\"entry-footer\"><\/footer><span class='hidden'>\n\t\t\t\t<span class='av-structured-data'  itemprop=\"image\" itemscope=\"itemscope\" itemtype=\"https:\/\/schema.org\/ImageObject\" >\n\t\t\t\t\t\t<span itemprop='url'>https:\/\/chambrealfa.com\/wp-content\/uploads\/2023\/06\/Polo-portada.jpg<\/span>\n\t\t\t\t\t\t<span itemprop='height'>400<\/span>\n\t\t\t\t\t\t<span itemprop='width'>495<\/span>\n\t\t\t\t<\/span>\n\t\t\t\t<span class='av-structured-data'  itemprop=\"publisher\" itemtype=\"https:\/\/schema.org\/Organization\" itemscope=\"itemscope\" >\n\t\t\t\t\t\t<span itemprop='name'>Matias Mercado<\/span>\n\t\t\t\t\t\t<span itemprop='logo' itemscope itemtype='https:\/\/schema.org\/ImageObject'>\n\t\t\t\t\t\t\t<span itemprop='url'>http:\/\/chambrealfa.com\/wp-content\/uploads\/2021\/10\/logo-ALFA-header.png<\/span>\n\t\t\t\t\t\t<\/span>\n\t\t\t\t<\/span><span class='av-structured-data'  itemprop=\"author\" itemscope=\"itemscope\" itemtype=\"https:\/\/schema.org\/Person\" ><span itemprop='name'>Matias Mercado<\/span><\/span><span class='av-structured-data'  itemprop=\"datePublished\" datetime=\"2021-10-26T12:33:29+00:00\" >2023-06-10 16:38:10<\/span><span class='av-structured-data'  itemprop=\"dateModified\" itemtype=\"https:\/\/schema.org\/dateModified\" >2024-07-22 16:39:35<\/span><span class='av-structured-data'  itemprop=\"mainEntityOfPage\" itemtype=\"https:\/\/schema.org\/mainEntityOfPage\" ><span itemprop='name'>Encuentro Polo<\/span><\/span><\/span><\/article><\/div><div class=\"slide-entry-wrap\"><article class='slide-entry flex_column  post-entry post-entry-1816 slide-entry-overview slide-loop-25 slide-parity-odd  av_one_third first real-thumbnail posttype-post post-format-standard'  itemscope=\"itemscope\" itemtype=\"https:\/\/schema.org\/CreativeWork\" ><a href='https:\/\/chambrealfa.com\/es\/charla-escp-republique\/' data-rel='slide-1' class='slide-image' title='Charla \u2013  ESCP R\u00e9publique'><img decoding=\"async\" fetchpriority=\"high\" width=\"495\" height=\"400\" src=\"https:\/\/chambrealfa.com\/wp-content\/uploads\/2023\/04\/Cerale-portada-495x400.jpg\" class=\"wp-image-1828 avia-img-lazy-loading-not-1828 attachment-portfolio size-portfolio wp-post-image\" alt=\"\" srcset=\"https:\/\/chambrealfa.com\/wp-content\/uploads\/2023\/04\/Cerale-portada.jpg 495w, https:\/\/chambrealfa.com\/wp-content\/uploads\/2023\/04\/Cerale-portada-300x242.jpg 300w\" sizes=\"(max-width: 495px) 100vw, 495px\" \/><\/a><div class=\"slide-content\"><header class=\"entry-content-header\" aria-label=\"Slide: Charla \u2013  ESCP R\u00e9publique\"><h3 class='slide-entry-title entry-title '  itemprop=\"headline\" ><a href='https:\/\/chambrealfa.com\/es\/charla-escp-republique\/' title='Charla \u2013  ESCP R\u00e9publique'>Charla \u2013  ESCP R\u00e9publique<\/a><\/h3><span class=\"av-vertical-delimiter\"><\/span><\/header><div class=\"slide-meta\"><time class='slide-meta-time updated'  itemprop=\"datePublished\" datetime=\"2023-06-01T16:36:45+00:00\" >01\/06\/2023<\/time><\/div><div class='slide-entry-excerpt entry-content'  itemprop=\"text\" >Les latino-am\u00e9ricains entreprennent en France<\/div><\/div><footer class=\"entry-footer\"><\/footer><span class='hidden'>\n\t\t\t\t<span class='av-structured-data'  itemprop=\"image\" itemscope=\"itemscope\" itemtype=\"https:\/\/schema.org\/ImageObject\" >\n\t\t\t\t\t\t<span itemprop='url'>https:\/\/chambrealfa.com\/wp-content\/uploads\/2023\/04\/Cerale-portada.jpg<\/span>\n\t\t\t\t\t\t<span itemprop='height'>400<\/span>\n\t\t\t\t\t\t<span itemprop='width'>495<\/span>\n\t\t\t\t<\/span>\n\t\t\t\t<span class='av-structured-data'  itemprop=\"publisher\" itemtype=\"https:\/\/schema.org\/Organization\" itemscope=\"itemscope\" >\n\t\t\t\t\t\t<span itemprop='name'>Matias Mercado<\/span>\n\t\t\t\t\t\t<span itemprop='logo' itemscope itemtype='https:\/\/schema.org\/ImageObject'>\n\t\t\t\t\t\t\t<span itemprop='url'>http:\/\/chambrealfa.com\/wp-content\/uploads\/2021\/10\/logo-ALFA-header.png<\/span>\n\t\t\t\t\t\t<\/span>\n\t\t\t\t<\/span><span class='av-structured-data'  itemprop=\"author\" itemscope=\"itemscope\" itemtype=\"https:\/\/schema.org\/Person\" ><span itemprop='name'>Matias Mercado<\/span><\/span><span class='av-structured-data'  itemprop=\"datePublished\" datetime=\"2021-10-26T12:33:29+00:00\" >2023-06-01 16:36:45<\/span><span class='av-structured-data'  itemprop=\"dateModified\" itemtype=\"https:\/\/schema.org\/dateModified\" >2023-07-12 19:53:25<\/span><span class='av-structured-data'  itemprop=\"mainEntityOfPage\" itemtype=\"https:\/\/schema.org\/mainEntityOfPage\" ><span itemprop='name'>Charla \u2013  ESCP R\u00e9publique<\/span><\/span><\/span><\/article><article class='slide-entry flex_column  post-entry post-entry-1848 slide-entry-overview slide-loop-26 slide-parity-even  av_one_third  real-thumbnail posttype-post post-format-standard'  itemscope=\"itemscope\" itemtype=\"https:\/\/schema.org\/CreativeWork\" ><a href='https:\/\/chambrealfa.com\/es\/la-indicacion-geografica-como-el-reconocimiento-colectivo-fortalece-una-marca-comercial-y-la-ayuda-a-conquistar-mercados\/' data-rel='slide-1' class='slide-image' title='Webinar'><img decoding=\"async\" fetchpriority=\"high\" width=\"495\" height=\"400\" src=\"https:\/\/chambrealfa.com\/wp-content\/uploads\/2023\/07\/2023.05.20-ALFA-Juglar-Philippe-et-Matthieu-portada-495x400.jpg\" class=\"wp-image-1843 avia-img-lazy-loading-not-1843 attachment-portfolio size-portfolio wp-post-image\" alt=\"\" srcset=\"https:\/\/chambrealfa.com\/wp-content\/uploads\/2023\/07\/2023.05.20-ALFA-Juglar-Philippe-et-Matthieu-portada.jpg 495w, https:\/\/chambrealfa.com\/wp-content\/uploads\/2023\/07\/2023.05.20-ALFA-Juglar-Philippe-et-Matthieu-portada-300x242.jpg 300w\" sizes=\"(max-width: 495px) 100vw, 495px\" \/><\/a><div class=\"slide-content\"><header class=\"entry-content-header\" aria-label=\"Slide: Webinar\"><h3 class='slide-entry-title entry-title '  itemprop=\"headline\" ><a href='https:\/\/chambrealfa.com\/es\/la-indicacion-geografica-como-el-reconocimiento-colectivo-fortalece-una-marca-comercial-y-la-ayuda-a-conquistar-mercados\/' title='Webinar'>Webinar<\/a><\/h3><span class=\"av-vertical-delimiter\"><\/span><\/header><div class=\"slide-meta\"><time class='slide-meta-time updated'  itemprop=\"datePublished\" datetime=\"2023-05-31T19:50:18+00:00\" >31\/05\/2023<\/time><\/div><div class='slide-entry-excerpt entry-content'  itemprop=\"text\" >La indicaci\u00f3n geogr\u00e1fica: \u00bfc\u00f3mo el reconocimiento colectivo fortalece una marca comercial y la ayuda a conquistar mercados?<\/div><\/div><footer class=\"entry-footer\"><\/footer><span class='hidden'>\n\t\t\t\t<span class='av-structured-data'  itemprop=\"image\" itemscope=\"itemscope\" itemtype=\"https:\/\/schema.org\/ImageObject\" >\n\t\t\t\t\t\t<span itemprop='url'>https:\/\/chambrealfa.com\/wp-content\/uploads\/2023\/07\/2023.05.20-ALFA-Juglar-Philippe-et-Matthieu-portada.jpg<\/span>\n\t\t\t\t\t\t<span itemprop='height'>400<\/span>\n\t\t\t\t\t\t<span itemprop='width'>495<\/span>\n\t\t\t\t<\/span>\n\t\t\t\t<span class='av-structured-data'  itemprop=\"publisher\" itemtype=\"https:\/\/schema.org\/Organization\" itemscope=\"itemscope\" >\n\t\t\t\t\t\t<span itemprop='name'>Matias Mercado<\/span>\n\t\t\t\t\t\t<span itemprop='logo' itemscope itemtype='https:\/\/schema.org\/ImageObject'>\n\t\t\t\t\t\t\t<span itemprop='url'>http:\/\/chambrealfa.com\/wp-content\/uploads\/2021\/10\/logo-ALFA-header.png<\/span>\n\t\t\t\t\t\t<\/span>\n\t\t\t\t<\/span><span class='av-structured-data'  itemprop=\"author\" itemscope=\"itemscope\" itemtype=\"https:\/\/schema.org\/Person\" ><span itemprop='name'>Matias Mercado<\/span><\/span><span class='av-structured-data'  itemprop=\"datePublished\" datetime=\"2021-10-26T12:33:29+00:00\" >2023-05-31 19:50:18<\/span><span class='av-structured-data'  itemprop=\"dateModified\" itemtype=\"https:\/\/schema.org\/dateModified\" >2023-10-23 16:56:17<\/span><span class='av-structured-data'  itemprop=\"mainEntityOfPage\" itemtype=\"https:\/\/schema.org\/mainEntityOfPage\" ><span itemprop='name'>Webinar<\/span><\/span><\/span><\/article><article class='slide-entry flex_column  post-entry post-entry-1334 slide-entry-overview slide-loop-27 slide-parity-odd  av_one_third  real-thumbnail posttype-post post-format-standard'  itemscope=\"itemscope\" itemtype=\"https:\/\/schema.org\/CreativeWork\" ><a href='https:\/\/chambrealfa.com\/es\/charla-cafe-el-sur-2\/' data-rel='slide-1' class='slide-image' title='Charla \u2013 Caf\u00e9 El Sur'><img decoding=\"async\" fetchpriority=\"high\" width=\"495\" height=\"400\" src=\"https:\/\/chambrealfa.com\/wp-content\/uploads\/2023\/05\/Portada-JL-Martin-495x400.jpg\" class=\"wp-image-1335 avia-img-lazy-loading-not-1335 attachment-portfolio size-portfolio wp-post-image\" alt=\"\" srcset=\"https:\/\/chambrealfa.com\/wp-content\/uploads\/2023\/05\/Portada-JL-Martin.jpg 495w, https:\/\/chambrealfa.com\/wp-content\/uploads\/2023\/05\/Portada-JL-Martin-300x242.jpg 300w\" sizes=\"(max-width: 495px) 100vw, 495px\" \/><\/a><div class=\"slide-content\"><header class=\"entry-content-header\" aria-label=\"Slide: Charla \u2013 Caf\u00e9 El Sur\"><h3 class='slide-entry-title entry-title '  itemprop=\"headline\" ><a href='https:\/\/chambrealfa.com\/es\/charla-cafe-el-sur-2\/' title='Charla \u2013 Caf\u00e9 El Sur'>Charla \u2013 Caf\u00e9 El Sur<\/a><\/h3><span class=\"av-vertical-delimiter\"><\/span><\/header><div class=\"slide-meta\"><time class='slide-meta-time updated'  itemprop=\"datePublished\" datetime=\"2023-04-20T15:50:47+00:00\" >20\/04\/2023<\/time><\/div><div class='slide-entry-excerpt entry-content'  itemprop=\"text\" >El financiamiento de las empresas argentinas: para qu\u00e9 sirven los bancos?<\/div><\/div><footer class=\"entry-footer\"><\/footer><span class='hidden'>\n\t\t\t\t<span class='av-structured-data'  itemprop=\"image\" itemscope=\"itemscope\" itemtype=\"https:\/\/schema.org\/ImageObject\" >\n\t\t\t\t\t\t<span itemprop='url'>https:\/\/chambrealfa.com\/wp-content\/uploads\/2023\/05\/Portada-JL-Martin.jpg<\/span>\n\t\t\t\t\t\t<span itemprop='height'>400<\/span>\n\t\t\t\t\t\t<span itemprop='width'>495<\/span>\n\t\t\t\t<\/span>\n\t\t\t\t<span class='av-structured-data'  itemprop=\"publisher\" itemtype=\"https:\/\/schema.org\/Organization\" itemscope=\"itemscope\" >\n\t\t\t\t\t\t<span itemprop='name'>Matias Mercado<\/span>\n\t\t\t\t\t\t<span itemprop='logo' itemscope itemtype='https:\/\/schema.org\/ImageObject'>\n\t\t\t\t\t\t\t<span itemprop='url'>http:\/\/chambrealfa.com\/wp-content\/uploads\/2021\/10\/logo-ALFA-header.png<\/span>\n\t\t\t\t\t\t<\/span>\n\t\t\t\t<\/span><span class='av-structured-data'  itemprop=\"author\" itemscope=\"itemscope\" itemtype=\"https:\/\/schema.org\/Person\" ><span itemprop='name'>Matias Mercado<\/span><\/span><span class='av-structured-data'  itemprop=\"datePublished\" datetime=\"2021-10-26T12:33:29+00:00\" >2023-04-20 15:50:47<\/span><span class='av-structured-data'  itemprop=\"dateModified\" itemtype=\"https:\/\/schema.org\/dateModified\" >2023-05-12 16:21:14<\/span><span class='av-structured-data'  itemprop=\"mainEntityOfPage\" itemtype=\"https:\/\/schema.org\/mainEntityOfPage\" ><span itemprop='name'>Charla \u2013 Caf\u00e9 El Sur<\/span><\/span><\/span><\/article><\/div><div class=\"slide-entry-wrap\"><article class='slide-entry flex_column  post-entry post-entry-1312 slide-entry-overview slide-loop-28 slide-parity-odd  av_one_third first real-thumbnail posttype-post post-format-standard'  itemscope=\"itemscope\" itemtype=\"https:\/\/schema.org\/CreativeWork\" ><a href='https:\/\/chambrealfa.com\/es\/charla-ifm\/' data-rel='slide-1' class='slide-image' title='Charla \u2013 IFM'><img decoding=\"async\" fetchpriority=\"high\" width=\"495\" height=\"400\" src=\"https:\/\/chambrealfa.com\/wp-content\/uploads\/2023\/02\/portada-maydi-495x400.jpg\" class=\"wp-image-1317 avia-img-lazy-loading-not-1317 attachment-portfolio size-portfolio wp-post-image\" alt=\"\" srcset=\"https:\/\/chambrealfa.com\/wp-content\/uploads\/2023\/02\/portada-maydi.jpg 495w, https:\/\/chambrealfa.com\/wp-content\/uploads\/2023\/02\/portada-maydi-300x242.jpg 300w\" sizes=\"(max-width: 495px) 100vw, 495px\" \/><\/a><div class=\"slide-content\"><header class=\"entry-content-header\" aria-label=\"Slide: Charla \u2013 IFM\"><h3 class='slide-entry-title entry-title '  itemprop=\"headline\" ><a href='https:\/\/chambrealfa.com\/es\/charla-ifm\/' title='Charla \u2013 IFM'>Charla \u2013 IFM<\/a><\/h3><span class=\"av-vertical-delimiter\"><\/span><\/header><div class=\"slide-meta\"><time class='slide-meta-time updated'  itemprop=\"datePublished\" datetime=\"2023-01-25T18:56:58+00:00\" >25\/01\/2023<\/time><\/div><div class='slide-entry-excerpt entry-content'  itemprop=\"text\" >Fibras naturales y dise\u00f1o sustentable: c\u00f3mo cambiar los paradigmas de producci\u00f3n y conquistar mercados.<\/div><\/div><footer class=\"entry-footer\"><\/footer><span class='hidden'>\n\t\t\t\t<span class='av-structured-data'  itemprop=\"image\" itemscope=\"itemscope\" itemtype=\"https:\/\/schema.org\/ImageObject\" >\n\t\t\t\t\t\t<span itemprop='url'>https:\/\/chambrealfa.com\/wp-content\/uploads\/2023\/02\/portada-maydi.jpg<\/span>\n\t\t\t\t\t\t<span itemprop='height'>400<\/span>\n\t\t\t\t\t\t<span itemprop='width'>495<\/span>\n\t\t\t\t<\/span>\n\t\t\t\t<span class='av-structured-data'  itemprop=\"publisher\" itemtype=\"https:\/\/schema.org\/Organization\" itemscope=\"itemscope\" >\n\t\t\t\t\t\t<span itemprop='name'>Matias Mercado<\/span>\n\t\t\t\t\t\t<span itemprop='logo' itemscope itemtype='https:\/\/schema.org\/ImageObject'>\n\t\t\t\t\t\t\t<span itemprop='url'>http:\/\/chambrealfa.com\/wp-content\/uploads\/2021\/10\/logo-ALFA-header.png<\/span>\n\t\t\t\t\t\t<\/span>\n\t\t\t\t<\/span><span class='av-structured-data'  itemprop=\"author\" itemscope=\"itemscope\" itemtype=\"https:\/\/schema.org\/Person\" ><span itemprop='name'>Matias Mercado<\/span><\/span><span class='av-structured-data'  itemprop=\"datePublished\" datetime=\"2021-10-26T12:33:29+00:00\" >2023-01-25 18:56:58<\/span><span class='av-structured-data'  itemprop=\"dateModified\" itemtype=\"https:\/\/schema.org\/dateModified\" >2023-02-15 18:58:58<\/span><span class='av-structured-data'  itemprop=\"mainEntityOfPage\" itemtype=\"https:\/\/schema.org\/mainEntityOfPage\" ><span itemprop='name'>Charla \u2013 IFM<\/span><\/span><\/span><\/article><article class='slide-entry flex_column  post-entry post-entry-1303 slide-entry-overview slide-loop-29 slide-parity-even  av_one_third  real-thumbnail posttype-post post-format-standard'  itemscope=\"itemscope\" itemtype=\"https:\/\/schema.org\/CreativeWork\" ><a href='https:\/\/chambrealfa.com\/es\/encuentro-tierra-de-gauchos\/' data-rel='slide-1' class='slide-image' title='Encuentro &#8211; Tierra de Gauchos'><img decoding=\"async\" fetchpriority=\"high\" width=\"495\" height=\"400\" src=\"https:\/\/chambrealfa.com\/wp-content\/uploads\/2022\/12\/Fete-portada-495x400.jpg\" class=\"wp-image-1308 avia-img-lazy-loading-not-1308 attachment-portfolio size-portfolio wp-post-image\" alt=\"\" srcset=\"https:\/\/chambrealfa.com\/wp-content\/uploads\/2022\/12\/Fete-portada.jpg 495w, https:\/\/chambrealfa.com\/wp-content\/uploads\/2022\/12\/Fete-portada-300x242.jpg 300w\" sizes=\"(max-width: 495px) 100vw, 495px\" \/><\/a><div class=\"slide-content\"><header class=\"entry-content-header\" aria-label=\"Slide: Encuentro - Tierra de Gauchos\"><h3 class='slide-entry-title entry-title '  itemprop=\"headline\" ><a href='https:\/\/chambrealfa.com\/es\/encuentro-tierra-de-gauchos\/' title='Encuentro &#8211; Tierra de Gauchos'>Encuentro &#8211; Tierra de Gauchos<\/a><\/h3><span class=\"av-vertical-delimiter\"><\/span><\/header><div class=\"slide-meta\"><time class='slide-meta-time updated'  itemprop=\"datePublished\" datetime=\"2022-12-08T12:48:36+00:00\" >08\/12\/2022<\/time><\/div><div class='slide-entry-excerpt entry-content'  itemprop=\"text\" >ALFA festej\u00f3 su primer aniversario y el final del a\u00f1o 2022 en \"Tierra de Gauchos\".<\/div><\/div><footer class=\"entry-footer\"><\/footer><span class='hidden'>\n\t\t\t\t<span class='av-structured-data'  itemprop=\"image\" itemscope=\"itemscope\" itemtype=\"https:\/\/schema.org\/ImageObject\" >\n\t\t\t\t\t\t<span itemprop='url'>https:\/\/chambrealfa.com\/wp-content\/uploads\/2022\/12\/Fete-portada.jpg<\/span>\n\t\t\t\t\t\t<span itemprop='height'>400<\/span>\n\t\t\t\t\t\t<span itemprop='width'>495<\/span>\n\t\t\t\t<\/span>\n\t\t\t\t<span class='av-structured-data'  itemprop=\"publisher\" itemtype=\"https:\/\/schema.org\/Organization\" itemscope=\"itemscope\" >\n\t\t\t\t\t\t<span itemprop='name'>Matias Mercado<\/span>\n\t\t\t\t\t\t<span itemprop='logo' itemscope itemtype='https:\/\/schema.org\/ImageObject'>\n\t\t\t\t\t\t\t<span itemprop='url'>http:\/\/chambrealfa.com\/wp-content\/uploads\/2021\/10\/logo-ALFA-header.png<\/span>\n\t\t\t\t\t\t<\/span>\n\t\t\t\t<\/span><span class='av-structured-data'  itemprop=\"author\" itemscope=\"itemscope\" itemtype=\"https:\/\/schema.org\/Person\" ><span itemprop='name'>Matias Mercado<\/span><\/span><span class='av-structured-data'  itemprop=\"datePublished\" datetime=\"2021-10-26T12:33:29+00:00\" >2022-12-08 12:48:36<\/span><span class='av-structured-data'  itemprop=\"dateModified\" itemtype=\"https:\/\/schema.org\/dateModified\" >2023-01-23 12:57:43<\/span><span class='av-structured-data'  itemprop=\"mainEntityOfPage\" itemtype=\"https:\/\/schema.org\/mainEntityOfPage\" ><span itemprop='name'>Encuentro &#8211; Tierra de Gauchos<\/span><\/span><\/span><\/article><article class='slide-entry flex_column  post-entry post-entry-1271 slide-entry-overview slide-loop-30 slide-parity-odd  post-entry-last  av_one_third  real-thumbnail posttype-post post-format-standard'  itemscope=\"itemscope\" itemtype=\"https:\/\/schema.org\/CreativeWork\" ><a href='https:\/\/chambrealfa.com\/es\/charla-cafe-el-sur\/' data-rel='slide-1' class='slide-image' title='Charla &#8211; Caf\u00e9 El Sur'><img decoding=\"async\" fetchpriority=\"high\" width=\"495\" height=\"400\" src=\"https:\/\/chambrealfa.com\/wp-content\/uploads\/2022\/11\/Transformer-portada-495x400.jpg\" class=\"wp-image-1266 avia-img-lazy-loading-not-1266 attachment-portfolio size-portfolio wp-post-image\" alt=\"\" srcset=\"https:\/\/chambrealfa.com\/wp-content\/uploads\/2022\/11\/Transformer-portada.jpg 495w, https:\/\/chambrealfa.com\/wp-content\/uploads\/2022\/11\/Transformer-portada-300x242.jpg 300w\" sizes=\"(max-width: 495px) 100vw, 495px\" \/><\/a><div class=\"slide-content\"><header class=\"entry-content-header\" aria-label=\"Slide: Charla - Caf\u00e9 El Sur\"><h3 class='slide-entry-title entry-title '  itemprop=\"headline\" ><a href='https:\/\/chambrealfa.com\/es\/charla-cafe-el-sur\/' title='Charla &#8211; Caf\u00e9 El Sur'>Charla &#8211; Caf\u00e9 El Sur<\/a><\/h3><span class=\"av-vertical-delimiter\"><\/span><\/header><div class=\"slide-meta\"><time class='slide-meta-time updated'  itemprop=\"datePublished\" datetime=\"2022-11-21T16:39:11+00:00\" >21\/11\/2022<\/time><\/div><div class='slide-entry-excerpt entry-content'  itemprop=\"text\" >Transformar la materia prima en producto final.<\/div><\/div><footer class=\"entry-footer\"><\/footer><span class='hidden'>\n\t\t\t\t<span class='av-structured-data'  itemprop=\"image\" itemscope=\"itemscope\" itemtype=\"https:\/\/schema.org\/ImageObject\" >\n\t\t\t\t\t\t<span itemprop='url'>https:\/\/chambrealfa.com\/wp-content\/uploads\/2022\/11\/Transformer-portada.jpg<\/span>\n\t\t\t\t\t\t<span itemprop='height'>400<\/span>\n\t\t\t\t\t\t<span itemprop='width'>495<\/span>\n\t\t\t\t<\/span>\n\t\t\t\t<span class='av-structured-data'  itemprop=\"publisher\" itemtype=\"https:\/\/schema.org\/Organization\" itemscope=\"itemscope\" >\n\t\t\t\t\t\t<span itemprop='name'>Matias Mercado<\/span>\n\t\t\t\t\t\t<span itemprop='logo' itemscope itemtype='https:\/\/schema.org\/ImageObject'>\n\t\t\t\t\t\t\t<span itemprop='url'>http:\/\/chambrealfa.com\/wp-content\/uploads\/2021\/10\/logo-ALFA-header.png<\/span>\n\t\t\t\t\t\t<\/span>\n\t\t\t\t<\/span><span class='av-structured-data'  itemprop=\"author\" itemscope=\"itemscope\" itemtype=\"https:\/\/schema.org\/Person\" ><span itemprop='name'>Matias Mercado<\/span><\/span><span class='av-structured-data'  itemprop=\"datePublished\" datetime=\"2021-10-26T12:33:29+00:00\" >2022-11-21 16:39:11<\/span><span class='av-structured-data'  itemprop=\"dateModified\" itemtype=\"https:\/\/schema.org\/dateModified\" >2022-11-29 16:39:24<\/span><span class='av-structured-data'  itemprop=\"mainEntityOfPage\" itemtype=\"https:\/\/schema.org\/mainEntityOfPage\" ><span itemprop='name'>Charla &#8211; Caf\u00e9 El Sur<\/span><\/span><\/span><\/article><\/div><\/div><div class='pagination-wrap pagination-slider'><nav class='pagination'><span class='pagination-meta'>P\u00e1gina 1 de 2<\/span><span class='current'>1<\/span><a href='https:\/\/chambrealfa.com\/es\/wp-json\/wp\/v2\/pages\/32\/?avia-element-paging=2' class='inactive next_page' >2<\/a><\/nav>\n<\/div><\/div><\/p>\n<\/div><\/div>\n<\/div>\n","protected":false},"excerpt":{"rendered":"","protected":false},"author":2,"featured_media":0,"parent":0,"menu_order":0,"comment_status":"closed","ping_status":"closed","template":"","meta":{"footnotes":""},"class_list":["post-32","page","type-page","status-publish","hentry"],"yoast_head":"<!-- This site is optimized with the Yoast SEO plugin v27.1.1 - https:\/\/yoast.com\/product\/yoast-seo-wordpress\/ -->\n<title>Actividades - ALFA<\/title>\n<meta name=\"robots\" content=\"index, follow, max-snippet:-1, max-image-preview:large, max-video-preview:-1\" \/>\n<link rel=\"canonical\" href=\"https:\/\/chambrealfa.com\/es\/actividades\/\" \/>\n<meta property=\"og:locale\" content=\"es_ES\" \/>\n<meta property=\"og:type\" content=\"article\" \/>\n<meta property=\"og:title\" content=\"Actividades - ALFA\" \/>\n<meta property=\"og:url\" content=\"https:\/\/chambrealfa.com\/es\/actividades\/\" \/>\n<meta property=\"og:site_name\" content=\"ALFA\" \/>\n<meta property=\"article:modified_time\" content=\"2021-11-25T18:20:00+00:00\" \/>\n<meta name=\"twitter:card\" content=\"summary_large_image\" \/>\n<meta name=\"twitter:label1\" content=\"Tiempo de lectura\" \/>\n\t<meta name=\"twitter:data1\" content=\"4 minutos\" \/>\n<script type=\"application\/ld+json\" class=\"yoast-schema-graph\">{\"@context\":\"https:\/\/schema.org\",\"@graph\":[{\"@type\":\"WebPage\",\"@id\":\"https:\/\/chambrealfa.com\/es\/actividades\/\",\"url\":\"https:\/\/chambrealfa.com\/es\/actividades\/\",\"name\":\"Actividades - ALFA\",\"isPartOf\":{\"@id\":\"https:\/\/chambrealfa.com\/es\/#website\"},\"datePublished\":\"2021-10-26T12:33:29+00:00\",\"dateModified\":\"2021-11-25T18:20:00+00:00\",\"breadcrumb\":{\"@id\":\"https:\/\/chambrealfa.com\/es\/actividades\/#breadcrumb\"},\"inLanguage\":\"es\",\"potentialAction\":[{\"@type\":\"ReadAction\",\"target\":[\"https:\/\/chambrealfa.com\/es\/actividades\/\"]}]},{\"@type\":\"BreadcrumbList\",\"@id\":\"https:\/\/chambrealfa.com\/es\/actividades\/#breadcrumb\",\"itemListElement\":[{\"@type\":\"ListItem\",\"position\":1,\"name\":\"Portada\",\"item\":\"https:\/\/chambrealfa.com\/es\/\"},{\"@type\":\"ListItem\",\"position\":2,\"name\":\"Actividades\"}]},{\"@type\":\"WebSite\",\"@id\":\"https:\/\/chambrealfa.com\/es\/#website\",\"url\":\"https:\/\/chambrealfa.com\/es\/\",\"name\":\"ALFA\",\"description\":\"Business Forum Argentine France\",\"potentialAction\":[{\"@type\":\"SearchAction\",\"target\":{\"@type\":\"EntryPoint\",\"urlTemplate\":\"https:\/\/chambrealfa.com\/es\/?s={search_term_string}\"},\"query-input\":{\"@type\":\"PropertyValueSpecification\",\"valueRequired\":true,\"valueName\":\"search_term_string\"}}],\"inLanguage\":\"es\"}]}<\/script>\n<!-- \/ Yoast SEO plugin. -->","yoast_head_json":{"title":"Actividades - ALFA","robots":{"index":"index","follow":"follow","max-snippet":"max-snippet:-1","max-image-preview":"max-image-preview:large","max-video-preview":"max-video-preview:-1"},"canonical":"https:\/\/chambrealfa.com\/es\/actividades\/","og_locale":"es_ES","og_type":"article","og_title":"Actividades - ALFA","og_url":"https:\/\/chambrealfa.com\/es\/actividades\/","og_site_name":"ALFA","article_modified_time":"2021-11-25T18:20:00+00:00","twitter_card":"summary_large_image","twitter_misc":{"Tiempo de lectura":"4 minutos"},"schema":{"@context":"https:\/\/schema.org","@graph":[{"@type":"WebPage","@id":"https:\/\/chambrealfa.com\/es\/actividades\/","url":"https:\/\/chambrealfa.com\/es\/actividades\/","name":"Actividades - ALFA","isPartOf":{"@id":"https:\/\/chambrealfa.com\/es\/#website"},"datePublished":"2021-10-26T12:33:29+00:00","dateModified":"2021-11-25T18:20:00+00:00","breadcrumb":{"@id":"https:\/\/chambrealfa.com\/es\/actividades\/#breadcrumb"},"inLanguage":"es","potentialAction":[{"@type":"ReadAction","target":["https:\/\/chambrealfa.com\/es\/actividades\/"]}]},{"@type":"BreadcrumbList","@id":"https:\/\/chambrealfa.com\/es\/actividades\/#breadcrumb","itemListElement":[{"@type":"ListItem","position":1,"name":"Portada","item":"https:\/\/chambrealfa.com\/es\/"},{"@type":"ListItem","position":2,"name":"Actividades"}]},{"@type":"WebSite","@id":"https:\/\/chambrealfa.com\/es\/#website","url":"https:\/\/chambrealfa.com\/es\/","name":"ALFA","description":"Business Forum Argentine France","potentialAction":[{"@type":"SearchAction","target":{"@type":"EntryPoint","urlTemplate":"https:\/\/chambrealfa.com\/es\/?s={search_term_string}"},"query-input":{"@type":"PropertyValueSpecification","valueRequired":true,"valueName":"search_term_string"}}],"inLanguage":"es"}]}},"publishpress_future_action":{"enabled":false,"date":"2026-05-06 21:59:49","action":"change-status","newStatus":"draft","terms":[],"taxonomy":"translation_priority","extraData":[]},"publishpress_future_workflow_manual_trigger":{"enabledWorkflows":[]},"_links":{"self":[{"href":"https:\/\/chambrealfa.com\/es\/wp-json\/wp\/v2\/pages\/32","targetHints":{"allow":["GET"]}}],"collection":[{"href":"https:\/\/chambrealfa.com\/es\/wp-json\/wp\/v2\/pages"}],"about":[{"href":"https:\/\/chambrealfa.com\/es\/wp-json\/wp\/v2\/types\/page"}],"author":[{"embeddable":true,"href":"https:\/\/chambrealfa.com\/es\/wp-json\/wp\/v2\/users\/2"}],"replies":[{"embeddable":true,"href":"https:\/\/chambrealfa.com\/es\/wp-json\/wp\/v2\/comments?post=32"}],"version-history":[{"count":7,"href":"https:\/\/chambrealfa.com\/es\/wp-json\/wp\/v2\/pages\/32\/revisions"}],"predecessor-version":[{"id":442,"href":"https:\/\/chambrealfa.com\/es\/wp-json\/wp\/v2\/pages\/32\/revisions\/442"}],"wp:attachment":[{"href":"https:\/\/chambrealfa.com\/es\/wp-json\/wp\/v2\/media?parent=32"}],"curies":[{"name":"wp","href":"https:\/\/api.w.org\/{rel}","templated":true}]}}